{"version":"1.0","provider_name":"Svenska Magasinet","provider_url":"https:\/\/lightweb.dev\/l\/svm-temp","author_name":"Redaktionen SvM","author_url":"https:\/\/lightweb.dev\/l\/svm-temp\/reporter\/redaktionen\/","title":"Hostal Marbella vill satsa p\u00e5 uthyrningsverksamhet","type":"rich","width":600,"height":338,"html":"<blockquote class=\"wp-embedded-content\" data-secret=\"jEJ5KhehuN\"><a href=\"https:\/\/lightweb.dev\/l\/svm-temp\/nyheter\/hostal-marbella-vill-satsa-pa-uthyrningsverksamhet\/\">Hostal Marbella vill satsa p\u00e5 uthyrningsverksamhet<\/a><\/blockquote><iframe sandbox=\"allow-scripts\" security=\"restricted\" src=\"https:\/\/lightweb.dev\/l\/svm-temp\/nyheter\/hostal-marbella-vill-satsa-pa-uthyrningsverksamhet\/embed\/#?secret=jEJ5KhehuN\" width=\"600\" height=\"338\" title=\"\u201dHostal Marbella vill satsa p\u00e5 uthyrningsverksamhet\u201d &ndash; Svenska Magasinet\" data-secret=\"jEJ5KhehuN\" frameborder=\"0\" marginwidth=\"0\" marginheight=\"0\" scrolling=\"no\" class=\"wp-embedded-content\"><\/iframe><script type=\"text\/javascript\">\n\/* <![CDATA[ *\/\n\/*! This file is auto-generated *\/\n!function(d,l){\"use strict\";l.querySelector&&d.addEventListener&&\"undefined\"!=typeof URL&&(d.wp=d.wp||{},d.wp.receiveEmbedMessage||(d.wp.receiveEmbedMessage=function(e){var t=e.data;if((t||t.secret||t.message||t.value)&&!\/[^a-zA-Z0-9]\/.test(t.secret)){for(var s,r,n,a=l.querySelectorAll('iframe[data-secret=\"'+t.secret+'\"]'),o=l.querySelectorAll('blockquote[data-secret=\"'+t.secret+'\"]'),c=new RegExp(\"^https?:$\",\"i\"),i=0;i<o.length;i++)o[i].style.display=\"none\";for(i=0;i<a.length;i++)s=a[i],e.source===s.contentWindow&&(s.removeAttribute(\"style\"),\"height\"===t.message?(1e3<(r=parseInt(t.value,10))?r=1e3:~~r<200&&(r=200),s.height=r):\"link\"===t.message&&(r=new URL(s.getAttribute(\"src\")),n=new URL(t.value),c.test(n.protocol))&&n.host===r.host&&l.activeElement===s&&(d.top.location.href=t.value))}},d.addEventListener(\"message\",d.wp.receiveEmbedMessage,!1),l.addEventListener(\"DOMContentLoaded\",function(){for(var e,t,s=l.querySelectorAll(\"iframe.wp-embedded-content\"),r=0;r<s.length;r++)(t=(e=s[r]).getAttribute(\"data-secret\"))||(t=Math.random().toString(36).substring(2,12),e.src+=\"#?secret=\"+t,e.setAttribute(\"data-secret\",t)),e.contentWindow.postMessage({message:\"ready\",secret:t},\"*\")},!1)))}(window,document);\n\/* ]]> *\/\n<\/script>\n","thumbnail_url":"https:\/\/lightweb.dev\/l\/svm-temp\/wp-content\/uploads\/2022\/06\/hostal-marbella-vill-satsa-pa-uthyrningsverksamhet.png","thumbnail_width":280,"thumbnail_height":294,"description":"I morgon fredag h\u00e5ller Hostal Marbella i Fuengirola \u00f6ppet hus. D\u00e5 kommer det nya \u00e4garparet Carola och Stig Nicklasson att presentera sin nya verksamhet p\u00e5 kusten. -P\u00e5 plats \u00e4r \u00e4ven v\u00e5r personal fr\u00e5n stugbokningsf\u00f6retagen Bo i Sk\u00e5ne och Bo i Sm\u00e5land vilket \u00e4r v\u00e5r uthyrningsverksamhet f\u00f6r semesterboende som funnits i Sverige i tio \u00e5r. Vi [&hellip;]"}