{"version":"1.0","provider_name":"Svenska Magasinet","provider_url":"https:\/\/lightweb.dev\/l\/svm-temp","author_name":"Redaktionen SvM","author_url":"https:\/\/lightweb.dev\/l\/svm-temp\/reporter\/redaktionen\/","title":"Idag f\u00f6ll domarna i Malayam\u00e5let","type":"rich","width":600,"height":338,"html":"<blockquote class=\"wp-embedded-content\" data-secret=\"xAv4LfzYZY\"><a href=\"https:\/\/lightweb.dev\/l\/svm-temp\/nyheter\/idag-foll-domarna-i-malayamalet\/\">Idag f\u00f6ll domarna i Malayam\u00e5let<\/a><\/blockquote><iframe sandbox=\"allow-scripts\" security=\"restricted\" src=\"https:\/\/lightweb.dev\/l\/svm-temp\/nyheter\/idag-foll-domarna-i-malayamalet\/embed\/#?secret=xAv4LfzYZY\" width=\"600\" height=\"338\" title=\"\u201dIdag f\u00f6ll domarna i Malayam\u00e5let\u201d &ndash; Svenska Magasinet\" data-secret=\"xAv4LfzYZY\" frameborder=\"0\" marginwidth=\"0\" marginheight=\"0\" scrolling=\"no\" class=\"wp-embedded-content\"><\/iframe><script type=\"text\/javascript\">\n\/* <![CDATA[ *\/\n\/*! This file is auto-generated *\/\n!function(d,l){\"use strict\";l.querySelector&&d.addEventListener&&\"undefined\"!=typeof URL&&(d.wp=d.wp||{},d.wp.receiveEmbedMessage||(d.wp.receiveEmbedMessage=function(e){var t=e.data;if((t||t.secret||t.message||t.value)&&!\/[^a-zA-Z0-9]\/.test(t.secret)){for(var s,r,n,a=l.querySelectorAll('iframe[data-secret=\"'+t.secret+'\"]'),o=l.querySelectorAll('blockquote[data-secret=\"'+t.secret+'\"]'),c=new RegExp(\"^https?:$\",\"i\"),i=0;i<o.length;i++)o[i].style.display=\"none\";for(i=0;i<a.length;i++)s=a[i],e.source===s.contentWindow&&(s.removeAttribute(\"style\"),\"height\"===t.message?(1e3<(r=parseInt(t.value,10))?r=1e3:~~r<200&&(r=200),s.height=r):\"link\"===t.message&&(r=new URL(s.getAttribute(\"src\")),n=new URL(t.value),c.test(n.protocol))&&n.host===r.host&&l.activeElement===s&&(d.top.location.href=t.value))}},d.addEventListener(\"message\",d.wp.receiveEmbedMessage,!1),l.addEventListener(\"DOMContentLoaded\",function(){for(var e,t,s=l.querySelectorAll(\"iframe.wp-embedded-content\"),r=0;r<s.length;r++)(t=(e=s[r]).getAttribute(\"data-secret\"))||(t=Math.random().toString(36).substring(2,12),e.src+=\"#?secret=\"+t,e.setAttribute(\"data-secret\",t)),e.contentWindow.postMessage({message:\"ready\",secret:t},\"*\")},!1)))}(window,document);\n\/* ]]> *\/\n<\/script>\n","thumbnail_url":"https:\/\/lightweb.dev\/l\/svm-temp\/wp-content\/uploads\/2022\/06\/idag-foll-domarna-i-malayamalet.png","thumbnail_width":284,"thumbnail_height":200,"description":"300 journalister fanns p\u00e5 plats idag klockan 11 vid Ciudad de la Justicia (bilden) i M\u00e1laga n\u00e4r domarna f\u00f6ll i Malayam\u00e5let d\u00e4r 84 personer st\u00e5r \u00e5talade (egentligen 86 men tv\u00e5, Jean Fournet och Jos\u00e9 Mora Ige\u00f1o har avlidit, red. anm.). Det var den 29 mars 2006 som domaren Miguel \u00c1ngel Torres gav gr\u00f6nt ljus och [&hellip;]"}