{"version":"1.0","provider_name":"Svenska Magasinet","provider_url":"https:\/\/lightweb.dev\/l\/svm-temp","author_name":"Redaktionen SvM","author_url":"https:\/\/lightweb.dev\/l\/svm-temp\/reporter\/redaktionen\/","title":"Individbaserat volont\u00e4rst\u00f6d viktigt vid kristider","type":"rich","width":600,"height":338,"html":"<blockquote class=\"wp-embedded-content\" data-secret=\"DBHd5cxX1e\"><a href=\"https:\/\/lightweb.dev\/l\/svm-temp\/nyheter\/individbaserat-volontarstod-viktigt-vid-kristider\/\">Individbaserat volont\u00e4rst\u00f6d viktigt vid kristider<\/a><\/blockquote><iframe sandbox=\"allow-scripts\" security=\"restricted\" src=\"https:\/\/lightweb.dev\/l\/svm-temp\/nyheter\/individbaserat-volontarstod-viktigt-vid-kristider\/embed\/#?secret=DBHd5cxX1e\" width=\"600\" height=\"338\" title=\"\u201dIndividbaserat volont\u00e4rst\u00f6d viktigt vid kristider\u201d &ndash; Svenska Magasinet\" data-secret=\"DBHd5cxX1e\" frameborder=\"0\" marginwidth=\"0\" marginheight=\"0\" scrolling=\"no\" class=\"wp-embedded-content\"><\/iframe><script type=\"text\/javascript\">\n\/* <![CDATA[ *\/\n\/*! This file is auto-generated *\/\n!function(d,l){\"use strict\";l.querySelector&&d.addEventListener&&\"undefined\"!=typeof URL&&(d.wp=d.wp||{},d.wp.receiveEmbedMessage||(d.wp.receiveEmbedMessage=function(e){var t=e.data;if((t||t.secret||t.message||t.value)&&!\/[^a-zA-Z0-9]\/.test(t.secret)){for(var s,r,n,a=l.querySelectorAll('iframe[data-secret=\"'+t.secret+'\"]'),o=l.querySelectorAll('blockquote[data-secret=\"'+t.secret+'\"]'),c=new RegExp(\"^https?:$\",\"i\"),i=0;i<o.length;i++)o[i].style.display=\"none\";for(i=0;i<a.length;i++)s=a[i],e.source===s.contentWindow&&(s.removeAttribute(\"style\"),\"height\"===t.message?(1e3<(r=parseInt(t.value,10))?r=1e3:~~r<200&&(r=200),s.height=r):\"link\"===t.message&&(r=new URL(s.getAttribute(\"src\")),n=new URL(t.value),c.test(n.protocol))&&n.host===r.host&&l.activeElement===s&&(d.top.location.href=t.value))}},d.addEventListener(\"message\",d.wp.receiveEmbedMessage,!1),l.addEventListener(\"DOMContentLoaded\",function(){for(var e,t,s=l.querySelectorAll(\"iframe.wp-embedded-content\"),r=0;r<s.length;r++)(t=(e=s[r]).getAttribute(\"data-secret\"))||(t=Math.random().toString(36).substring(2,12),e.src+=\"#?secret=\"+t,e.setAttribute(\"data-secret\",t)),e.contentWindow.postMessage({message:\"ready\",secret:t},\"*\")},!1)))}(window,document);\n\/* ]]> *\/\n<\/script>\n","thumbnail_url":"https:\/\/lightweb.dev\/l\/svm-temp\/wp-content\/uploads\/2022\/06\/individbaserat-volontarstod-viktigt-vid-kristider.png","thumbnail_width":700,"thumbnail_height":420,"description":"Vi h\u00e5ller kontakt med de volont\u00e4rer som \u00e4r registrerade. Det \u00e4r en organisation som finns h\u00e4r och som best\u00e5r av svenskar som h\u00e5ller kontakt med sociala myndigheter. Det \u00e4r ett samh\u00e4llsst\u00f6d och krisst\u00f6d i just den tiden vi upplever nu, s\u00e4ger Maria Starborg, Assistent i f\u00f6rsamlingsarbete, som varit p\u00e5 Solkusten sedan 2 januari. Svenska Magasinet [&hellip;]"}