{"version":"1.0","provider_name":"Svenska Magasinet","provider_url":"https:\/\/lightweb.dev\/l\/svm-temp","author_name":"Redaktionen SvM","author_url":"https:\/\/lightweb.dev\/l\/svm-temp\/reporter\/redaktionen\/","title":"Inflationen tidigarel\u00e4gger regionvalet i Andalusien","type":"rich","width":600,"height":338,"html":"<blockquote class=\"wp-embedded-content\" data-secret=\"sjAGuhaprv\"><a href=\"https:\/\/lightweb.dev\/l\/svm-temp\/nyheter\/inflationen-tidigarelagger-regionvalet-i-andalusien\/\">Inflationen tidigarel\u00e4gger regionvalet i Andalusien<\/a><\/blockquote><iframe sandbox=\"allow-scripts\" security=\"restricted\" src=\"https:\/\/lightweb.dev\/l\/svm-temp\/nyheter\/inflationen-tidigarelagger-regionvalet-i-andalusien\/embed\/#?secret=sjAGuhaprv\" width=\"600\" height=\"338\" title=\"\u201dInflationen tidigarel\u00e4gger regionvalet i Andalusien\u201d &ndash; Svenska Magasinet\" data-secret=\"sjAGuhaprv\" frameborder=\"0\" marginwidth=\"0\" marginheight=\"0\" scrolling=\"no\" class=\"wp-embedded-content\"><\/iframe><script type=\"text\/javascript\">\n\/* <![CDATA[ *\/\n\/*! This file is auto-generated *\/\n!function(d,l){\"use strict\";l.querySelector&&d.addEventListener&&\"undefined\"!=typeof URL&&(d.wp=d.wp||{},d.wp.receiveEmbedMessage||(d.wp.receiveEmbedMessage=function(e){var t=e.data;if((t||t.secret||t.message||t.value)&&!\/[^a-zA-Z0-9]\/.test(t.secret)){for(var s,r,n,a=l.querySelectorAll('iframe[data-secret=\"'+t.secret+'\"]'),o=l.querySelectorAll('blockquote[data-secret=\"'+t.secret+'\"]'),c=new RegExp(\"^https?:$\",\"i\"),i=0;i<o.length;i++)o[i].style.display=\"none\";for(i=0;i<a.length;i++)s=a[i],e.source===s.contentWindow&&(s.removeAttribute(\"style\"),\"height\"===t.message?(1e3<(r=parseInt(t.value,10))?r=1e3:~~r<200&&(r=200),s.height=r):\"link\"===t.message&&(r=new URL(s.getAttribute(\"src\")),n=new URL(t.value),c.test(n.protocol))&&n.host===r.host&&l.activeElement===s&&(d.top.location.href=t.value))}},d.addEventListener(\"message\",d.wp.receiveEmbedMessage,!1),l.addEventListener(\"DOMContentLoaded\",function(){for(var e,t,s=l.querySelectorAll(\"iframe.wp-embedded-content\"),r=0;r<s.length;r++)(t=(e=s[r]).getAttribute(\"data-secret\"))||(t=Math.random().toString(36).substring(2,12),e.src+=\"#?secret=\"+t,e.setAttribute(\"data-secret\",t)),e.contentWindow.postMessage({message:\"ready\",secret:t},\"*\")},!1)))}(window,document);\n\/* ]]> *\/\n<\/script>\n","thumbnail_url":"https:\/\/lightweb.dev\/l\/svm-temp\/wp-content\/uploads\/2022\/05\/inflationen-tidigarelagger-regionvalet-i-andalusien.png","thumbnail_width":500,"thumbnail_height":300,"description":"Andalusien beh\u00f6ver en budget f\u00f6r att m\u00f6ta den \u00f6kade inflationen. Av det sk\u00e4let planerar regionpresidenten Juanma Moreno att tidigarel\u00e4gga regionvalet till juni m\u00e5nad. Han kommer att fatta beslutet efter att ha tr\u00e4ffat b\u00e5de riksbanken och Europeiska centralbanken. Regionvalet i Andalusien var planerat att h\u00e5llas i slutet p\u00e5 \u00e5ret. Regeringspartiet Partido Popular har dock ingen majoritet [&hellip;]"}