{"version":"1.0","provider_name":"Svenska Magasinet","provider_url":"https:\/\/lightweb.dev\/l\/svm-temp","author_name":"Redaktionen SvM","author_url":"https:\/\/lightweb.dev\/l\/svm-temp\/reporter\/redaktionen\/","title":"Julbelysningen i M\u00e1laga t\u00e4nds 27 november","type":"rich","width":600,"height":338,"html":"<blockquote class=\"wp-embedded-content\" data-secret=\"clsGdo0C87\"><a href=\"https:\/\/lightweb.dev\/l\/svm-temp\/nyheter\/julbelysningen-i-malaga-tands-27-november\/\">Julbelysningen i M\u00e1laga t\u00e4nds 27 november<\/a><\/blockquote><iframe sandbox=\"allow-scripts\" security=\"restricted\" src=\"https:\/\/lightweb.dev\/l\/svm-temp\/nyheter\/julbelysningen-i-malaga-tands-27-november\/embed\/#?secret=clsGdo0C87\" width=\"600\" height=\"338\" title=\"\u201dJulbelysningen i M\u00e1laga t\u00e4nds 27 november\u201d &ndash; Svenska Magasinet\" data-secret=\"clsGdo0C87\" frameborder=\"0\" marginwidth=\"0\" marginheight=\"0\" scrolling=\"no\" class=\"wp-embedded-content\"><\/iframe><script type=\"text\/javascript\">\n\/* <![CDATA[ *\/\n\/*! This file is auto-generated *\/\n!function(d,l){\"use strict\";l.querySelector&&d.addEventListener&&\"undefined\"!=typeof URL&&(d.wp=d.wp||{},d.wp.receiveEmbedMessage||(d.wp.receiveEmbedMessage=function(e){var t=e.data;if((t||t.secret||t.message||t.value)&&!\/[^a-zA-Z0-9]\/.test(t.secret)){for(var s,r,n,a=l.querySelectorAll('iframe[data-secret=\"'+t.secret+'\"]'),o=l.querySelectorAll('blockquote[data-secret=\"'+t.secret+'\"]'),c=new RegExp(\"^https?:$\",\"i\"),i=0;i<o.length;i++)o[i].style.display=\"none\";for(i=0;i<a.length;i++)s=a[i],e.source===s.contentWindow&&(s.removeAttribute(\"style\"),\"height\"===t.message?(1e3<(r=parseInt(t.value,10))?r=1e3:~~r<200&&(r=200),s.height=r):\"link\"===t.message&&(r=new URL(s.getAttribute(\"src\")),n=new URL(t.value),c.test(n.protocol))&&n.host===r.host&&l.activeElement===s&&(d.top.location.href=t.value))}},d.addEventListener(\"message\",d.wp.receiveEmbedMessage,!1),l.addEventListener(\"DOMContentLoaded\",function(){for(var e,t,s=l.querySelectorAll(\"iframe.wp-embedded-content\"),r=0;r<s.length;r++)(t=(e=s[r]).getAttribute(\"data-secret\"))||(t=Math.random().toString(36).substring(2,12),e.src+=\"#?secret=\"+t,e.setAttribute(\"data-secret\",t)),e.contentWindow.postMessage({message:\"ready\",secret:t},\"*\")},!1)))}(window,document);\n\/* ]]> *\/\n<\/script>\n","thumbnail_url":"https:\/\/lightweb.dev\/l\/svm-temp\/wp-content\/uploads\/2022\/06\/julbelysningen-i-malaga-tands-27-november.png","thumbnail_width":280,"thumbnail_height":275,"description":"H\u00f6stov\u00e4der och besked om n\u00e4r julbelysningen t\u00e4nds i M\u00e1laga. Det m\u00e4rks att vi \u00e4r p\u00e5 v\u00e4g mot slutet av \u00e5ret. Det f\u00f6rsta rej\u00e4la h\u00f6stov\u00e4dret kommer till Spanien p\u00e5 s\u00f6ndag och forts\u00e4tter fram tills p\u00e5 tisdag. R\u00e4kna med regn och ov\u00e4der fr\u00e5n och med s\u00f6ndag i stora delar av Spanien. S\u00e4rskilt Andalusien och Extremadura kan f\u00e5 [&hellip;]"}