{"version":"1.0","provider_name":"Svenska Magasinet","provider_url":"https:\/\/lightweb.dev\/l\/svm-temp","author_name":"Redaktionen SvM","author_url":"https:\/\/lightweb.dev\/l\/svm-temp\/reporter\/redaktionen\/","title":"Kommunist fr\u00e5n M\u00e1laga blir konsumtionsminister","type":"rich","width":600,"height":338,"html":"<blockquote class=\"wp-embedded-content\" data-secret=\"gIpA6XuTg6\"><a href=\"https:\/\/lightweb.dev\/l\/svm-temp\/nyheter\/kommunist-fran-malaga-blir-konsumtionsminister\/\">Kommunist fr\u00e5n M\u00e1laga blir konsumtionsminister<\/a><\/blockquote><iframe sandbox=\"allow-scripts\" security=\"restricted\" src=\"https:\/\/lightweb.dev\/l\/svm-temp\/nyheter\/kommunist-fran-malaga-blir-konsumtionsminister\/embed\/#?secret=gIpA6XuTg6\" width=\"600\" height=\"338\" title=\"\u201dKommunist fr\u00e5n M\u00e1laga blir konsumtionsminister\u201d &ndash; Svenska Magasinet\" data-secret=\"gIpA6XuTg6\" frameborder=\"0\" marginwidth=\"0\" marginheight=\"0\" scrolling=\"no\" class=\"wp-embedded-content\"><\/iframe><script type=\"text\/javascript\">\n\/* <![CDATA[ *\/\n\/*! This file is auto-generated *\/\n!function(d,l){\"use strict\";l.querySelector&&d.addEventListener&&\"undefined\"!=typeof URL&&(d.wp=d.wp||{},d.wp.receiveEmbedMessage||(d.wp.receiveEmbedMessage=function(e){var t=e.data;if((t||t.secret||t.message||t.value)&&!\/[^a-zA-Z0-9]\/.test(t.secret)){for(var s,r,n,a=l.querySelectorAll('iframe[data-secret=\"'+t.secret+'\"]'),o=l.querySelectorAll('blockquote[data-secret=\"'+t.secret+'\"]'),c=new RegExp(\"^https?:$\",\"i\"),i=0;i<o.length;i++)o[i].style.display=\"none\";for(i=0;i<a.length;i++)s=a[i],e.source===s.contentWindow&&(s.removeAttribute(\"style\"),\"height\"===t.message?(1e3<(r=parseInt(t.value,10))?r=1e3:~~r<200&&(r=200),s.height=r):\"link\"===t.message&&(r=new URL(s.getAttribute(\"src\")),n=new URL(t.value),c.test(n.protocol))&&n.host===r.host&&l.activeElement===s&&(d.top.location.href=t.value))}},d.addEventListener(\"message\",d.wp.receiveEmbedMessage,!1),l.addEventListener(\"DOMContentLoaded\",function(){for(var e,t,s=l.querySelectorAll(\"iframe.wp-embedded-content\"),r=0;r<s.length;r++)(t=(e=s[r]).getAttribute(\"data-secret\"))||(t=Math.random().toString(36).substring(2,12),e.src+=\"#?secret=\"+t,e.setAttribute(\"data-secret\",t)),e.contentWindow.postMessage({message:\"ready\",secret:t},\"*\")},!1)))}(window,document);\n\/* ]]> *\/\n<\/script>\n","thumbnail_url":"https:\/\/lightweb.dev\/l\/svm-temp\/wp-content\/uploads\/2022\/06\/kommunist-fran-malaga-blir-konsumtionsminister.png","thumbnail_width":700,"thumbnail_height":420,"description":"F\u00f6r f\u00f6rsta g\u00e5ngen p\u00e5 80 \u00e5r finns en kommunist i den spanska regeringen. Alberto Garz\u00f3n fr\u00e5n Rinc\u00f3n de la Victoria, \u00f6ster om M\u00e1laga, som f\u00f6r ett par \u00e5r sedan skrev boken \u201dPor qu\u00e9 soy comunista\u201d, Varf\u00f6r jag \u00e4r kommunist. Garz\u00f3n blir konsumtionsminister i den nya v\u00e4nsterledda regeringen i Spanien. Garz\u00f3n f\u00f6rsvarar en modell baserad p\u00e5 [&hellip;]"}