{"version":"1.0","provider_name":"Svenska Magasinet","provider_url":"https:\/\/lightweb.dev\/l\/svm-temp","author_name":"Redaktionen SvM","author_url":"https:\/\/lightweb.dev\/l\/svm-temp\/reporter\/redaktionen\/","title":"Kosmopolitiska Nerja","type":"rich","width":600,"height":338,"html":"<blockquote class=\"wp-embedded-content\" data-secret=\"O3NosHFFMM\"><a href=\"https:\/\/lightweb.dev\/l\/svm-temp\/nyheter\/kosmopolitiska-nerja\/\">Kosmopolitiska Nerja<\/a><\/blockquote><iframe sandbox=\"allow-scripts\" security=\"restricted\" src=\"https:\/\/lightweb.dev\/l\/svm-temp\/nyheter\/kosmopolitiska-nerja\/embed\/#?secret=O3NosHFFMM\" width=\"600\" height=\"338\" title=\"\u201dKosmopolitiska Nerja\u201d &ndash; Svenska Magasinet\" data-secret=\"O3NosHFFMM\" frameborder=\"0\" marginwidth=\"0\" marginheight=\"0\" scrolling=\"no\" class=\"wp-embedded-content\"><\/iframe><script type=\"text\/javascript\">\n\/* <![CDATA[ *\/\n\/*! This file is auto-generated *\/\n!function(d,l){\"use strict\";l.querySelector&&d.addEventListener&&\"undefined\"!=typeof URL&&(d.wp=d.wp||{},d.wp.receiveEmbedMessage||(d.wp.receiveEmbedMessage=function(e){var t=e.data;if((t||t.secret||t.message||t.value)&&!\/[^a-zA-Z0-9]\/.test(t.secret)){for(var s,r,n,a=l.querySelectorAll('iframe[data-secret=\"'+t.secret+'\"]'),o=l.querySelectorAll('blockquote[data-secret=\"'+t.secret+'\"]'),c=new RegExp(\"^https?:$\",\"i\"),i=0;i<o.length;i++)o[i].style.display=\"none\";for(i=0;i<a.length;i++)s=a[i],e.source===s.contentWindow&&(s.removeAttribute(\"style\"),\"height\"===t.message?(1e3<(r=parseInt(t.value,10))?r=1e3:~~r<200&&(r=200),s.height=r):\"link\"===t.message&&(r=new URL(s.getAttribute(\"src\")),n=new URL(t.value),c.test(n.protocol))&&n.host===r.host&&l.activeElement===s&&(d.top.location.href=t.value))}},d.addEventListener(\"message\",d.wp.receiveEmbedMessage,!1),l.addEventListener(\"DOMContentLoaded\",function(){for(var e,t,s=l.querySelectorAll(\"iframe.wp-embedded-content\"),r=0;r<s.length;r++)(t=(e=s[r]).getAttribute(\"data-secret\"))||(t=Math.random().toString(36).substring(2,12),e.src+=\"#?secret=\"+t,e.setAttribute(\"data-secret\",t)),e.contentWindow.postMessage({message:\"ready\",secret:t},\"*\")},!1)))}(window,document);\n\/* ]]> *\/\n<\/script>\n","thumbnail_url":"https:\/\/lightweb.dev\/l\/svm-temp\/wp-content\/uploads\/2022\/06\/kosmopolitiska-nerja.png","thumbnail_width":281,"thumbnail_height":200,"description":"Det str\u00f6mmar s\u00e5 h\u00e4r i b\u00f6rjan av \u00e5ret in statistik av olika slag f\u00f6r det g\u00e5ngna \u00e5ret. Nerjas kommun har nu som m\u00e5nga andra redovisat sin befolkningsstatistik vid \u00e5rsskiftet. Den visar att antalet registrerade utl\u00e4nningar nu uppg\u00e5r till n\u00e4stan 30 % av det totala antalet inv\u00e5nare. Det \u00e4r 6 464 av de totalt 21 915 [&hellip;]"}