{"version":"1.0","provider_name":"Svenska Magasinet","provider_url":"https:\/\/lightweb.dev\/l\/svm-temp","author_name":"Redaktionen SvM","author_url":"https:\/\/lightweb.dev\/l\/svm-temp\/reporter\/redaktionen\/","title":"Lokalpolisen p\u00e5 Mallorca f\u00e5r ut\u00f6kade befogenheter","type":"rich","width":600,"height":338,"html":"<blockquote class=\"wp-embedded-content\" data-secret=\"XYTEfCoher\"><a href=\"https:\/\/lightweb.dev\/l\/svm-temp\/nyheter\/lokalpolisen-pa-mallorca-far-utokade-befogenheter\/\">Lokalpolisen p\u00e5 Mallorca f\u00e5r ut\u00f6kade befogenheter<\/a><\/blockquote><iframe sandbox=\"allow-scripts\" security=\"restricted\" src=\"https:\/\/lightweb.dev\/l\/svm-temp\/nyheter\/lokalpolisen-pa-mallorca-far-utokade-befogenheter\/embed\/#?secret=XYTEfCoher\" width=\"600\" height=\"338\" title=\"\u201dLokalpolisen p\u00e5 Mallorca f\u00e5r ut\u00f6kade befogenheter\u201d &ndash; Svenska Magasinet\" data-secret=\"XYTEfCoher\" frameborder=\"0\" marginwidth=\"0\" marginheight=\"0\" scrolling=\"no\" class=\"wp-embedded-content\"><\/iframe><script type=\"text\/javascript\">\n\/* <![CDATA[ *\/\n\/*! This file is auto-generated *\/\n!function(d,l){\"use strict\";l.querySelector&&d.addEventListener&&\"undefined\"!=typeof URL&&(d.wp=d.wp||{},d.wp.receiveEmbedMessage||(d.wp.receiveEmbedMessage=function(e){var t=e.data;if((t||t.secret||t.message||t.value)&&!\/[^a-zA-Z0-9]\/.test(t.secret)){for(var s,r,n,a=l.querySelectorAll('iframe[data-secret=\"'+t.secret+'\"]'),o=l.querySelectorAll('blockquote[data-secret=\"'+t.secret+'\"]'),c=new RegExp(\"^https?:$\",\"i\"),i=0;i<o.length;i++)o[i].style.display=\"none\";for(i=0;i<a.length;i++)s=a[i],e.source===s.contentWindow&&(s.removeAttribute(\"style\"),\"height\"===t.message?(1e3<(r=parseInt(t.value,10))?r=1e3:~~r<200&&(r=200),s.height=r):\"link\"===t.message&&(r=new URL(s.getAttribute(\"src\")),n=new URL(t.value),c.test(n.protocol))&&n.host===r.host&&l.activeElement===s&&(d.top.location.href=t.value))}},d.addEventListener(\"message\",d.wp.receiveEmbedMessage,!1),l.addEventListener(\"DOMContentLoaded\",function(){for(var e,t,s=l.querySelectorAll(\"iframe.wp-embedded-content\"),r=0;r<s.length;r++)(t=(e=s[r]).getAttribute(\"data-secret\"))||(t=Math.random().toString(36).substring(2,12),e.src+=\"#?secret=\"+t,e.setAttribute(\"data-secret\",t)),e.contentWindow.postMessage({message:\"ready\",secret:t},\"*\")},!1)))}(window,document);\n\/* ]]> *\/\n<\/script>\n","thumbnail_url":"https:\/\/lightweb.dev\/l\/svm-temp\/wp-content\/uploads\/2022\/06\/lokalpolisen-pa-mallorca-far-utokade-befogenheter.png","thumbnail_width":500,"thumbnail_height":300,"description":"De kommunala myndigheterna p\u00e5 Mallorca ger nu lokalpolisen befogenhet att leda iv\u00e4g b\u00f6tf\u00e4llda turister direkt till n\u00e4rmaste uttagsautomat f\u00f6r direktbetalning av b\u00f6ter. Fulla turister som beter dig illa och bryter lagar eller kommunala f\u00f6rordningar har l\u00e4nge varit ett problem f\u00f6r befolkningen p\u00e5 Mallorca och \u00f6vriga \u00f6ar p\u00e5 Balearerna. Poliserna har tr\u00f6ttnat p\u00e5 att bli skrattade [&hellip;]"}