{"version":"1.0","provider_name":"Svenska Magasinet","provider_url":"https:\/\/lightweb.dev\/l\/svm-temp","author_name":"Ola Josefsson","author_url":"https:\/\/lightweb.dev\/l\/svm-temp\/reporter\/ola-josefsson\/","title":"Maktskifte i Torremolinos efter misstroendef\u00f6rklaring","type":"rich","width":600,"height":338,"html":"<blockquote class=\"wp-embedded-content\" data-secret=\"SUNRTpsLH0\"><a href=\"https:\/\/lightweb.dev\/l\/svm-temp\/nyheter\/maktskifte-i-torremolinos-efter-misstroendeforklaring\/\">Maktskifte i Torremolinos efter misstroendef\u00f6rklaring<\/a><\/blockquote><iframe sandbox=\"allow-scripts\" security=\"restricted\" src=\"https:\/\/lightweb.dev\/l\/svm-temp\/nyheter\/maktskifte-i-torremolinos-efter-misstroendeforklaring\/embed\/#?secret=SUNRTpsLH0\" width=\"600\" height=\"338\" title=\"\u201dMaktskifte i Torremolinos efter misstroendef\u00f6rklaring\u201d &ndash; Svenska Magasinet\" data-secret=\"SUNRTpsLH0\" frameborder=\"0\" marginwidth=\"0\" marginheight=\"0\" scrolling=\"no\" class=\"wp-embedded-content\"><\/iframe><script type=\"text\/javascript\">\n\/* <![CDATA[ *\/\n\/*! This file is auto-generated *\/\n!function(d,l){\"use strict\";l.querySelector&&d.addEventListener&&\"undefined\"!=typeof URL&&(d.wp=d.wp||{},d.wp.receiveEmbedMessage||(d.wp.receiveEmbedMessage=function(e){var t=e.data;if((t||t.secret||t.message||t.value)&&!\/[^a-zA-Z0-9]\/.test(t.secret)){for(var s,r,n,a=l.querySelectorAll('iframe[data-secret=\"'+t.secret+'\"]'),o=l.querySelectorAll('blockquote[data-secret=\"'+t.secret+'\"]'),c=new RegExp(\"^https?:$\",\"i\"),i=0;i<o.length;i++)o[i].style.display=\"none\";for(i=0;i<a.length;i++)s=a[i],e.source===s.contentWindow&&(s.removeAttribute(\"style\"),\"height\"===t.message?(1e3<(r=parseInt(t.value,10))?r=1e3:~~r<200&&(r=200),s.height=r):\"link\"===t.message&&(r=new URL(s.getAttribute(\"src\")),n=new URL(t.value),c.test(n.protocol))&&n.host===r.host&&l.activeElement===s&&(d.top.location.href=t.value))}},d.addEventListener(\"message\",d.wp.receiveEmbedMessage,!1),l.addEventListener(\"DOMContentLoaded\",function(){for(var e,t,s=l.querySelectorAll(\"iframe.wp-embedded-content\"),r=0;r<s.length;r++)(t=(e=s[r]).getAttribute(\"data-secret\"))||(t=Math.random().toString(36).substring(2,12),e.src+=\"#?secret=\"+t,e.setAttribute(\"data-secret\",t)),e.contentWindow.postMessage({message:\"ready\",secret:t},\"*\")},!1)))}(window,document);\n\/* ]]> *\/\n<\/script>\n","thumbnail_url":"https:\/\/lightweb.dev\/l\/svm-temp\/wp-content\/uploads\/2022\/04\/maktskifte-i-torremolinos-efter-misstroendefrklaring.png","thumbnail_width":500,"thumbnail_height":300,"description":"Margarita del Cid (Partido Popular) blir ny borgm\u00e4stare i Torremolinos efter en misstroendef\u00f6rklaring mot den socialistiska borgm\u00e4staren Jos\u00e9 Ortiz. Ciudadanos, Vox, Por Mi Pueblo och kommunalr\u00e5det Nicol\u00e1s de Miguel som saknar partitillh\u00f6righet ger sitt st\u00f6d till Margarita del Cid. Hon v\u00e4ntas bli utn\u00e4mnd som borgm\u00e4stare den 20 december. Jos\u00e9 Ortiz (PSOE) har varit borgm\u00e4stare sedan [&hellip;]"}