{"version":"1.0","provider_name":"Svenska Magasinet","provider_url":"https:\/\/lightweb.dev\/l\/svm-temp","author_name":"Redaktionen SvM","author_url":"https:\/\/lightweb.dev\/l\/svm-temp\/reporter\/redaktionen\/","title":"M\u00e1laga-Granada p\u00e5 70 minuter","type":"rich","width":600,"height":338,"html":"<blockquote class=\"wp-embedded-content\" data-secret=\"0cjuecoSOB\"><a href=\"https:\/\/lightweb.dev\/l\/svm-temp\/nyheter\/malaga-granada-pa-70-minuter\/\">M\u00e1laga-Granada p\u00e5 70 minuter<\/a><\/blockquote><iframe sandbox=\"allow-scripts\" security=\"restricted\" src=\"https:\/\/lightweb.dev\/l\/svm-temp\/nyheter\/malaga-granada-pa-70-minuter\/embed\/#?secret=0cjuecoSOB\" width=\"600\" height=\"338\" title=\"\u201dM\u00e1laga-Granada p\u00e5 70 minuter\u201d &ndash; Svenska Magasinet\" data-secret=\"0cjuecoSOB\" frameborder=\"0\" marginwidth=\"0\" marginheight=\"0\" scrolling=\"no\" class=\"wp-embedded-content\"><\/iframe><script type=\"text\/javascript\">\n\/* <![CDATA[ *\/\n\/*! This file is auto-generated *\/\n!function(d,l){\"use strict\";l.querySelector&&d.addEventListener&&\"undefined\"!=typeof URL&&(d.wp=d.wp||{},d.wp.receiveEmbedMessage||(d.wp.receiveEmbedMessage=function(e){var t=e.data;if((t||t.secret||t.message||t.value)&&!\/[^a-zA-Z0-9]\/.test(t.secret)){for(var s,r,n,a=l.querySelectorAll('iframe[data-secret=\"'+t.secret+'\"]'),o=l.querySelectorAll('blockquote[data-secret=\"'+t.secret+'\"]'),c=new RegExp(\"^https?:$\",\"i\"),i=0;i<o.length;i++)o[i].style.display=\"none\";for(i=0;i<a.length;i++)s=a[i],e.source===s.contentWindow&&(s.removeAttribute(\"style\"),\"height\"===t.message?(1e3<(r=parseInt(t.value,10))?r=1e3:~~r<200&&(r=200),s.height=r):\"link\"===t.message&&(r=new URL(s.getAttribute(\"src\")),n=new URL(t.value),c.test(n.protocol))&&n.host===r.host&&l.activeElement===s&&(d.top.location.href=t.value))}},d.addEventListener(\"message\",d.wp.receiveEmbedMessage,!1),l.addEventListener(\"DOMContentLoaded\",function(){for(var e,t,s=l.querySelectorAll(\"iframe.wp-embedded-content\"),r=0;r<s.length;r++)(t=(e=s[r]).getAttribute(\"data-secret\"))||(t=Math.random().toString(36).substring(2,12),e.src+=\"#?secret=\"+t,e.setAttribute(\"data-secret\",t)),e.contentWindow.postMessage({message:\"ready\",secret:t},\"*\")},!1)))}(window,document);\n\/* ]]> *\/\n<\/script>\n","thumbnail_url":"https:\/\/lightweb.dev\/l\/svm-temp\/wp-content\/uploads\/2022\/05\/malagagranada-pa-70-minuter.png","thumbnail_width":500,"thumbnail_height":300,"description":"P\u00e5 m\u00e5ndagen startade h\u00f6ghastighetslinjen (250 km\/h) mellan M\u00e1laga och Granada. T\u00e5gresan mellan de b\u00e5da provinsst\u00e4derna tar 70 minuter. Bolaget Avant har fyra resor per dag. Fr\u00e5n Granada 7.40 och 18.50 samt avg\u00e5ng fr\u00e5n M\u00e1laga 9.25 och 20.25 vilket betyder 6.600 platser i veckan. Till 2026 kommer det att g\u00e5 \u00e4nnu snabbare d\u00e5 f\u00f6rbifarten vid Loja [&hellip;]"}