{"version":"1.0","provider_name":"Svenska Magasinet","provider_url":"https:\/\/lightweb.dev\/l\/svm-temp","author_name":"Ola Josefsson","author_url":"https:\/\/lightweb.dev\/l\/svm-temp\/reporter\/ola-josefsson\/","title":"M\u00e1lagas handelskammare ut\u00f6kar kontakten med utlandet","type":"rich","width":600,"height":338,"html":"<blockquote class=\"wp-embedded-content\" data-secret=\"bNBXyp5cGk\"><a href=\"https:\/\/lightweb.dev\/l\/svm-temp\/nyheter\/malagas-handelskammare-utokar-kontakten-med-utlandet\/\">M\u00e1lagas handelskammare ut\u00f6kar kontakten med utlandet<\/a><\/blockquote><iframe sandbox=\"allow-scripts\" security=\"restricted\" src=\"https:\/\/lightweb.dev\/l\/svm-temp\/nyheter\/malagas-handelskammare-utokar-kontakten-med-utlandet\/embed\/#?secret=bNBXyp5cGk\" width=\"600\" height=\"338\" title=\"\u201dM\u00e1lagas handelskammare ut\u00f6kar kontakten med utlandet\u201d &ndash; Svenska Magasinet\" data-secret=\"bNBXyp5cGk\" frameborder=\"0\" marginwidth=\"0\" marginheight=\"0\" scrolling=\"no\" class=\"wp-embedded-content\"><\/iframe><script type=\"text\/javascript\">\n\/* <![CDATA[ *\/\n\/*! This file is auto-generated *\/\n!function(d,l){\"use strict\";l.querySelector&&d.addEventListener&&\"undefined\"!=typeof URL&&(d.wp=d.wp||{},d.wp.receiveEmbedMessage||(d.wp.receiveEmbedMessage=function(e){var t=e.data;if((t||t.secret||t.message||t.value)&&!\/[^a-zA-Z0-9]\/.test(t.secret)){for(var s,r,n,a=l.querySelectorAll('iframe[data-secret=\"'+t.secret+'\"]'),o=l.querySelectorAll('blockquote[data-secret=\"'+t.secret+'\"]'),c=new RegExp(\"^https?:$\",\"i\"),i=0;i<o.length;i++)o[i].style.display=\"none\";for(i=0;i<a.length;i++)s=a[i],e.source===s.contentWindow&&(s.removeAttribute(\"style\"),\"height\"===t.message?(1e3<(r=parseInt(t.value,10))?r=1e3:~~r<200&&(r=200),s.height=r):\"link\"===t.message&&(r=new URL(s.getAttribute(\"src\")),n=new URL(t.value),c.test(n.protocol))&&n.host===r.host&&l.activeElement===s&&(d.top.location.href=t.value))}},d.addEventListener(\"message\",d.wp.receiveEmbedMessage,!1),l.addEventListener(\"DOMContentLoaded\",function(){for(var e,t,s=l.querySelectorAll(\"iframe.wp-embedded-content\"),r=0;r<s.length;r++)(t=(e=s[r]).getAttribute(\"data-secret\"))||(t=Math.random().toString(36).substring(2,12),e.src+=\"#?secret=\"+t,e.setAttribute(\"data-secret\",t)),e.contentWindow.postMessage({message:\"ready\",secret:t},\"*\")},!1)))}(window,document);\n\/* ]]> *\/\n<\/script>\n","thumbnail_url":"https:\/\/lightweb.dev\/l\/svm-temp\/wp-content\/uploads\/2024\/01\/GDaiMCVWkAUq5a0-stor.jpeg","thumbnail_width":1280,"thumbnail_height":853,"description":"Bra kommunikationer och tillg\u00e5ng p\u00e5 vatten. Det \u00e4r f\u00f6rsta prioriteringar p\u00e5 Solkusten. Handelskammaren (C\u00e1mara de Comercio) i M\u00e1laga med den nyvalde presidenten Jos\u00e9 Carlos Escribano och regionalregeringens delegat i M\u00e1laga Patricia Navarro har haft sitt f\u00f6rsta m\u00f6ta f\u00f6r att ut\u00f6ka samarbetet mellan det offentlig och privata och f\u00f6r att diskutera projekt som \u00e4r n\u00f6dv\u00e4ndiga f\u00f6r att fr\u00e4mja en stark ekonomi i M\u00e1lagaprovinsen."}