{"version":"1.0","provider_name":"Svenska Magasinet","provider_url":"https:\/\/lightweb.dev\/l\/svm-temp","author_name":"Redaktionen SvM","author_url":"https:\/\/lightweb.dev\/l\/svm-temp\/reporter\/redaktionen\/","title":"Marbella \u2013 ett nytt Barcelona?","type":"rich","width":600,"height":338,"html":"<blockquote class=\"wp-embedded-content\" data-secret=\"Sju4DBXszf\"><a href=\"https:\/\/lightweb.dev\/l\/svm-temp\/nyheter\/marbella-ett-nytt-barcelona\/\">Marbella \u2013 ett nytt Barcelona?<\/a><\/blockquote><iframe sandbox=\"allow-scripts\" security=\"restricted\" src=\"https:\/\/lightweb.dev\/l\/svm-temp\/nyheter\/marbella-ett-nytt-barcelona\/embed\/#?secret=Sju4DBXszf\" width=\"600\" height=\"338\" title=\"\u201dMarbella \u2013 ett nytt Barcelona?\u201d &ndash; Svenska Magasinet\" data-secret=\"Sju4DBXszf\" frameborder=\"0\" marginwidth=\"0\" marginheight=\"0\" scrolling=\"no\" class=\"wp-embedded-content\"><\/iframe><script type=\"text\/javascript\">\n\/* <![CDATA[ *\/\n\/*! This file is auto-generated *\/\n!function(d,l){\"use strict\";l.querySelector&&d.addEventListener&&\"undefined\"!=typeof URL&&(d.wp=d.wp||{},d.wp.receiveEmbedMessage||(d.wp.receiveEmbedMessage=function(e){var t=e.data;if((t||t.secret||t.message||t.value)&&!\/[^a-zA-Z0-9]\/.test(t.secret)){for(var s,r,n,a=l.querySelectorAll('iframe[data-secret=\"'+t.secret+'\"]'),o=l.querySelectorAll('blockquote[data-secret=\"'+t.secret+'\"]'),c=new RegExp(\"^https?:$\",\"i\"),i=0;i<o.length;i++)o[i].style.display=\"none\";for(i=0;i<a.length;i++)s=a[i],e.source===s.contentWindow&&(s.removeAttribute(\"style\"),\"height\"===t.message?(1e3<(r=parseInt(t.value,10))?r=1e3:~~r<200&&(r=200),s.height=r):\"link\"===t.message&&(r=new URL(s.getAttribute(\"src\")),n=new URL(t.value),c.test(n.protocol))&&n.host===r.host&&l.activeElement===s&&(d.top.location.href=t.value))}},d.addEventListener(\"message\",d.wp.receiveEmbedMessage,!1),l.addEventListener(\"DOMContentLoaded\",function(){for(var e,t,s=l.querySelectorAll(\"iframe.wp-embedded-content\"),r=0;r<s.length;r++)(t=(e=s[r]).getAttribute(\"data-secret\"))||(t=Math.random().toString(36).substring(2,12),e.src+=\"#?secret=\"+t,e.setAttribute(\"data-secret\",t)),e.contentWindow.postMessage({message:\"ready\",secret:t},\"*\")},!1)))}(window,document);\n\/* ]]> *\/\n<\/script>\n","thumbnail_url":"https:\/\/lightweb.dev\/l\/svm-temp\/wp-content\/uploads\/2022\/06\/marbella-ett-nytt-barcelona.png","thumbnail_width":280,"thumbnail_height":210,"description":"Inte mindre \u00e4n fem skyskrapor, n\u00e5gon med 50 v\u00e5ningar och upp till 150 meter h\u00f6ga, planeras i Marbella. De fem skyskraporna kommer att ligga vid R\u00edo Real, Nag\u00fceles, r\u00edo Guadaiza och utmed v\u00e4gen till Ist\u00e1n. Marbellas opposition, socialistpartiet PSOE, menar att f\u00f6rslaget kan leda till samma vilda bostadsbyggande som tidigare. Partido Poulars ansvarige inom stadsplanering, [&hellip;]"}