{"version":"1.0","provider_name":"Svenska Magasinet","provider_url":"https:\/\/lightweb.dev\/l\/svm-temp","author_name":"Redaktionen SvM","author_url":"https:\/\/lightweb.dev\/l\/svm-temp\/reporter\/redaktionen\/","title":"Medelhavsregionens vackraste olivtr\u00e4d v\u00e4xer i Spanien","type":"rich","width":600,"height":338,"html":"<blockquote class=\"wp-embedded-content\" data-secret=\"qScbHGCIhD\"><a href=\"https:\/\/lightweb.dev\/l\/svm-temp\/nyheter\/medelhavsregionens-vackraste-olivtrad-vaxer-i-spanien\/\">Medelhavsregionens vackraste olivtr\u00e4d v\u00e4xer i Spanien<\/a><\/blockquote><iframe sandbox=\"allow-scripts\" security=\"restricted\" src=\"https:\/\/lightweb.dev\/l\/svm-temp\/nyheter\/medelhavsregionens-vackraste-olivtrad-vaxer-i-spanien\/embed\/#?secret=qScbHGCIhD\" width=\"600\" height=\"338\" title=\"\u201dMedelhavsregionens vackraste olivtr\u00e4d v\u00e4xer i Spanien\u201d &ndash; Svenska Magasinet\" data-secret=\"qScbHGCIhD\" frameborder=\"0\" marginwidth=\"0\" marginheight=\"0\" scrolling=\"no\" class=\"wp-embedded-content\"><\/iframe><script type=\"text\/javascript\">\n\/* <![CDATA[ *\/\n\/*! This file is auto-generated *\/\n!function(d,l){\"use strict\";l.querySelector&&d.addEventListener&&\"undefined\"!=typeof URL&&(d.wp=d.wp||{},d.wp.receiveEmbedMessage||(d.wp.receiveEmbedMessage=function(e){var t=e.data;if((t||t.secret||t.message||t.value)&&!\/[^a-zA-Z0-9]\/.test(t.secret)){for(var s,r,n,a=l.querySelectorAll('iframe[data-secret=\"'+t.secret+'\"]'),o=l.querySelectorAll('blockquote[data-secret=\"'+t.secret+'\"]'),c=new RegExp(\"^https?:$\",\"i\"),i=0;i<o.length;i++)o[i].style.display=\"none\";for(i=0;i<a.length;i++)s=a[i],e.source===s.contentWindow&&(s.removeAttribute(\"style\"),\"height\"===t.message?(1e3<(r=parseInt(t.value,10))?r=1e3:~~r<200&&(r=200),s.height=r):\"link\"===t.message&&(r=new URL(s.getAttribute(\"src\")),n=new URL(t.value),c.test(n.protocol))&&n.host===r.host&&l.activeElement===s&&(d.top.location.href=t.value))}},d.addEventListener(\"message\",d.wp.receiveEmbedMessage,!1),l.addEventListener(\"DOMContentLoaded\",function(){for(var e,t,s=l.querySelectorAll(\"iframe.wp-embedded-content\"),r=0;r<s.length;r++)(t=(e=s[r]).getAttribute(\"data-secret\"))||(t=Math.random().toString(36).substring(2,12),e.src+=\"#?secret=\"+t,e.setAttribute(\"data-secret\",t)),e.contentWindow.postMessage({message:\"ready\",secret:t},\"*\")},!1)))}(window,document);\n\/* ]]> *\/\n<\/script>\n","thumbnail_url":"https:\/\/lightweb.dev\/l\/svm-temp\/wp-content\/uploads\/2022\/06\/medelhavsregionens-vackraste-olivtrad-vaxer-i-spanien.png","thumbnail_width":700,"thumbnail_height":420,"description":"Nu \u00e4r det avgjort. Var det vackraste olivtr\u00e4det v\u00e4xer i Medelhavsregionen. Totalt tolv kandidater fr\u00e5n Spanien, Italien, Libanon, Tunisien, Montenegro och Turkiet hade kvalificerat sig till den f\u00f6rsta upplagan av Concurso del Mejor Olivo Monumental del Mediterr\u00e1neo. Olivtr\u00e4det \u201dEl olivo de Sinfo\u201dhittar du i Traiguera (Castell\u00f3n) mellan Valencia och Barcelona. Det anses vara Medelhavsregionens vackraste. [&hellip;]"}