{"version":"1.0","provider_name":"Svenska Magasinet","provider_url":"https:\/\/lightweb.dev\/l\/svm-temp","author_name":"Redaktionen SvM","author_url":"https:\/\/lightweb.dev\/l\/svm-temp\/reporter\/redaktionen\/","title":"Misst\u00e4nkte finl\u00e4ndaren har sl\u00e4ppts","type":"rich","width":600,"height":338,"html":"<blockquote class=\"wp-embedded-content\" data-secret=\"x2YAr3Dn4y\"><a href=\"https:\/\/lightweb.dev\/l\/svm-temp\/nyheter\/misstankte-finlandaren-har-slappts\/\">Misst\u00e4nkte finl\u00e4ndaren har sl\u00e4ppts<\/a><\/blockquote><iframe sandbox=\"allow-scripts\" security=\"restricted\" src=\"https:\/\/lightweb.dev\/l\/svm-temp\/nyheter\/misstankte-finlandaren-har-slappts\/embed\/#?secret=x2YAr3Dn4y\" width=\"600\" height=\"338\" title=\"\u201dMisst\u00e4nkte finl\u00e4ndaren har sl\u00e4ppts\u201d &ndash; Svenska Magasinet\" data-secret=\"x2YAr3Dn4y\" frameborder=\"0\" marginwidth=\"0\" marginheight=\"0\" scrolling=\"no\" class=\"wp-embedded-content\"><\/iframe><script type=\"text\/javascript\">\n\/* <![CDATA[ *\/\n\/*! This file is auto-generated *\/\n!function(d,l){\"use strict\";l.querySelector&&d.addEventListener&&\"undefined\"!=typeof URL&&(d.wp=d.wp||{},d.wp.receiveEmbedMessage||(d.wp.receiveEmbedMessage=function(e){var t=e.data;if((t||t.secret||t.message||t.value)&&!\/[^a-zA-Z0-9]\/.test(t.secret)){for(var s,r,n,a=l.querySelectorAll('iframe[data-secret=\"'+t.secret+'\"]'),o=l.querySelectorAll('blockquote[data-secret=\"'+t.secret+'\"]'),c=new RegExp(\"^https?:$\",\"i\"),i=0;i<o.length;i++)o[i].style.display=\"none\";for(i=0;i<a.length;i++)s=a[i],e.source===s.contentWindow&&(s.removeAttribute(\"style\"),\"height\"===t.message?(1e3<(r=parseInt(t.value,10))?r=1e3:~~r<200&&(r=200),s.height=r):\"link\"===t.message&&(r=new URL(s.getAttribute(\"src\")),n=new URL(t.value),c.test(n.protocol))&&n.host===r.host&&l.activeElement===s&&(d.top.location.href=t.value))}},d.addEventListener(\"message\",d.wp.receiveEmbedMessage,!1),l.addEventListener(\"DOMContentLoaded\",function(){for(var e,t,s=l.querySelectorAll(\"iframe.wp-embedded-content\"),r=0;r<s.length;r++)(t=(e=s[r]).getAttribute(\"data-secret\"))||(t=Math.random().toString(36).substring(2,12),e.src+=\"#?secret=\"+t,e.setAttribute(\"data-secret\",t)),e.contentWindow.postMessage({message:\"ready\",secret:t},\"*\")},!1)))}(window,document);\n\/* ]]> *\/\n<\/script>\n","thumbnail_url":"https:\/\/lightweb.dev\/l\/svm-temp\/wp-content\/uploads\/2022\/06\/misstankte-finlandaren-har-slappts.png","thumbnail_width":280,"thumbnail_height":209,"description":"Den 36-\u00e5rige finske man som greps i l\u00f6rdags efter att en finsk kvinna i samma \u00e5lder hade hittats d\u00f6d i en bostad i Los Boliches (Fuengirola) har blivit frisl\u00e4ppt. Enligt ett uttalande fr\u00e5n regionen Andalusiens h\u00f6gsta domstol finns det inte n\u00e5gra tydliga eller avg\u00f6rande bevis f\u00f6r k\u00f6nsrelaterat v\u00e5ld. Det uppger nyhetsbyr\u00e5n EFE. Samma k\u00e4lla s\u00e4ger [&hellip;]"}