{"version":"1.0","provider_name":"Svenska Magasinet","provider_url":"https:\/\/lightweb.dev\/l\/svm-temp","author_name":"Redaktionen SvM","author_url":"https:\/\/lightweb.dev\/l\/svm-temp\/reporter\/redaktionen\/","title":"Motorv\u00e4g b\u00f6rjar byggas i april","type":"rich","width":600,"height":338,"html":"<blockquote class=\"wp-embedded-content\" data-secret=\"xyPw8ep2km\"><a href=\"https:\/\/lightweb.dev\/l\/svm-temp\/nyheter\/motorvag-borjar-byggas-i-april\/\">Motorv\u00e4g b\u00f6rjar byggas i april<\/a><\/blockquote><iframe sandbox=\"allow-scripts\" security=\"restricted\" src=\"https:\/\/lightweb.dev\/l\/svm-temp\/nyheter\/motorvag-borjar-byggas-i-april\/embed\/#?secret=xyPw8ep2km\" width=\"600\" height=\"338\" title=\"\u201dMotorv\u00e4g b\u00f6rjar byggas i april\u201d &ndash; Svenska Magasinet\" data-secret=\"xyPw8ep2km\" frameborder=\"0\" marginwidth=\"0\" marginheight=\"0\" scrolling=\"no\" class=\"wp-embedded-content\"><\/iframe><script type=\"text\/javascript\">\n\/* <![CDATA[ *\/\n\/*! This file is auto-generated *\/\n!function(d,l){\"use strict\";l.querySelector&&d.addEventListener&&\"undefined\"!=typeof URL&&(d.wp=d.wp||{},d.wp.receiveEmbedMessage||(d.wp.receiveEmbedMessage=function(e){var t=e.data;if((t||t.secret||t.message||t.value)&&!\/[^a-zA-Z0-9]\/.test(t.secret)){for(var s,r,n,a=l.querySelectorAll('iframe[data-secret=\"'+t.secret+'\"]'),o=l.querySelectorAll('blockquote[data-secret=\"'+t.secret+'\"]'),c=new RegExp(\"^https?:$\",\"i\"),i=0;i<o.length;i++)o[i].style.display=\"none\";for(i=0;i<a.length;i++)s=a[i],e.source===s.contentWindow&&(s.removeAttribute(\"style\"),\"height\"===t.message?(1e3<(r=parseInt(t.value,10))?r=1e3:~~r<200&&(r=200),s.height=r):\"link\"===t.message&&(r=new URL(s.getAttribute(\"src\")),n=new URL(t.value),c.test(n.protocol))&&n.host===r.host&&l.activeElement===s&&(d.top.location.href=t.value))}},d.addEventListener(\"message\",d.wp.receiveEmbedMessage,!1),l.addEventListener(\"DOMContentLoaded\",function(){for(var e,t,s=l.querySelectorAll(\"iframe.wp-embedded-content\"),r=0;r<s.length;r++)(t=(e=s[r]).getAttribute(\"data-secret\"))||(t=Math.random().toString(36).substring(2,12),e.src+=\"#?secret=\"+t,e.setAttribute(\"data-secret\",t)),e.contentWindow.postMessage({message:\"ready\",secret:t},\"*\")},!1)))}(window,document);\n\/* ]]> *\/\n<\/script>\n","thumbnail_url":"https:\/\/lightweb.dev\/l\/svm-temp\/wp-content\/uploads\/2022\/06\/motorvag-borjar-byggas-i-april.png","thumbnail_width":280,"thumbnail_height":396,"description":"Vi kan i dag l\u00e4sa att processen med inl\u00f6sen av mark f\u00f6r den nya betalmotorv\u00e4gen fr\u00e5n M\u00e1laga mot inlandet nu inleds. Det \u00e4r totalt 528 fastigheter som ska l\u00f6sas in helt eller delvis f\u00f6r att m\u00f6jligg\u00f6ra v\u00e4gbygget. Kommunikationsministeriet har avsatt 9,6 miljoner euro f\u00f6r att expropriera mark i kommunerna Antequera, Almog\u00eda, Casabermeja och M\u00e1laga. Man [&hellip;]"}