{"version":"1.0","provider_name":"Svenska Magasinet","provider_url":"https:\/\/lightweb.dev\/l\/svm-temp","author_name":"Redaktionen SvM","author_url":"https:\/\/lightweb.dev\/l\/svm-temp\/reporter\/redaktionen\/","title":"Munskyddskravet inomhus h\u00e4vs 20 april","type":"rich","width":600,"height":338,"html":"<blockquote class=\"wp-embedded-content\" data-secret=\"y2XjikMv9g\"><a href=\"https:\/\/lightweb.dev\/l\/svm-temp\/nyheter\/munskyddskravet-inomhus-havs-20-april\/\">Munskyddskravet inomhus h\u00e4vs 20 april<\/a><\/blockquote><iframe sandbox=\"allow-scripts\" security=\"restricted\" src=\"https:\/\/lightweb.dev\/l\/svm-temp\/nyheter\/munskyddskravet-inomhus-havs-20-april\/embed\/#?secret=y2XjikMv9g\" width=\"600\" height=\"338\" title=\"\u201dMunskyddskravet inomhus h\u00e4vs 20 april\u201d &ndash; Svenska Magasinet\" data-secret=\"y2XjikMv9g\" frameborder=\"0\" marginwidth=\"0\" marginheight=\"0\" scrolling=\"no\" class=\"wp-embedded-content\"><\/iframe><script type=\"text\/javascript\">\n\/* <![CDATA[ *\/\n\/*! This file is auto-generated *\/\n!function(d,l){\"use strict\";l.querySelector&&d.addEventListener&&\"undefined\"!=typeof URL&&(d.wp=d.wp||{},d.wp.receiveEmbedMessage||(d.wp.receiveEmbedMessage=function(e){var t=e.data;if((t||t.secret||t.message||t.value)&&!\/[^a-zA-Z0-9]\/.test(t.secret)){for(var s,r,n,a=l.querySelectorAll('iframe[data-secret=\"'+t.secret+'\"]'),o=l.querySelectorAll('blockquote[data-secret=\"'+t.secret+'\"]'),c=new RegExp(\"^https?:$\",\"i\"),i=0;i<o.length;i++)o[i].style.display=\"none\";for(i=0;i<a.length;i++)s=a[i],e.source===s.contentWindow&&(s.removeAttribute(\"style\"),\"height\"===t.message?(1e3<(r=parseInt(t.value,10))?r=1e3:~~r<200&&(r=200),s.height=r):\"link\"===t.message&&(r=new URL(s.getAttribute(\"src\")),n=new URL(t.value),c.test(n.protocol))&&n.host===r.host&&l.activeElement===s&&(d.top.location.href=t.value))}},d.addEventListener(\"message\",d.wp.receiveEmbedMessage,!1),l.addEventListener(\"DOMContentLoaded\",function(){for(var e,t,s=l.querySelectorAll(\"iframe.wp-embedded-content\"),r=0;r<s.length;r++)(t=(e=s[r]).getAttribute(\"data-secret\"))||(t=Math.random().toString(36).substring(2,12),e.src+=\"#?secret=\"+t,e.setAttribute(\"data-secret\",t)),e.contentWindow.postMessage({message:\"ready\",secret:t},\"*\")},!1)))}(window,document);\n\/* ]]> *\/\n<\/script>\n","thumbnail_url":"https:\/\/lightweb.dev\/l\/svm-temp\/wp-content\/uploads\/2022\/05\/munskyddskravet-inomhus-havs-20-april.png","thumbnail_width":500,"thumbnail_height":300,"description":"Efter 23 m\u00e5nader h\u00e4vs den 20 april munskyddskravet i de flesta offentliga inomhusmilj\u00f6er i Spanien. H\u00e4lsov\u00e5rdsdepartementet har beslutat att f\u00f6lja experternas rekommendation och l\u00e5ta kravet vara kvar \u00f6ver p\u00e5sk. Det har under de senaste m\u00e5naderna angetts olika datum f\u00f6r n\u00e4r kravet p\u00e5 munskydd inomhus ska h\u00e4vas. S\u00e5 sent som f\u00f6r ett par dagar angavs den [&hellip;]"}