{"version":"1.0","provider_name":"Svenska Magasinet","provider_url":"https:\/\/lightweb.dev\/l\/svm-temp","author_name":"Redaktionen SvM","author_url":"https:\/\/lightweb.dev\/l\/svm-temp\/reporter\/redaktionen\/","title":"Nerjas botaniska tr\u00e4dg\u00e5rd \u00f6ppnar inom kort","type":"rich","width":600,"height":338,"html":"<blockquote class=\"wp-embedded-content\" data-secret=\"Mc6y0u7bxe\"><a href=\"https:\/\/lightweb.dev\/l\/svm-temp\/nyheter\/nerjas-botaniska-tradgard-oppnar-inom-kort\/\">Nerjas botaniska tr\u00e4dg\u00e5rd \u00f6ppnar inom kort<\/a><\/blockquote><iframe sandbox=\"allow-scripts\" security=\"restricted\" src=\"https:\/\/lightweb.dev\/l\/svm-temp\/nyheter\/nerjas-botaniska-tradgard-oppnar-inom-kort\/embed\/#?secret=Mc6y0u7bxe\" width=\"600\" height=\"338\" title=\"\u201dNerjas botaniska tr\u00e4dg\u00e5rd \u00f6ppnar inom kort\u201d &ndash; Svenska Magasinet\" data-secret=\"Mc6y0u7bxe\" frameborder=\"0\" marginwidth=\"0\" marginheight=\"0\" scrolling=\"no\" class=\"wp-embedded-content\"><\/iframe><script type=\"text\/javascript\">\n\/* <![CDATA[ *\/\n\/*! This file is auto-generated *\/\n!function(d,l){\"use strict\";l.querySelector&&d.addEventListener&&\"undefined\"!=typeof URL&&(d.wp=d.wp||{},d.wp.receiveEmbedMessage||(d.wp.receiveEmbedMessage=function(e){var t=e.data;if((t||t.secret||t.message||t.value)&&!\/[^a-zA-Z0-9]\/.test(t.secret)){for(var s,r,n,a=l.querySelectorAll('iframe[data-secret=\"'+t.secret+'\"]'),o=l.querySelectorAll('blockquote[data-secret=\"'+t.secret+'\"]'),c=new RegExp(\"^https?:$\",\"i\"),i=0;i<o.length;i++)o[i].style.display=\"none\";for(i=0;i<a.length;i++)s=a[i],e.source===s.contentWindow&&(s.removeAttribute(\"style\"),\"height\"===t.message?(1e3<(r=parseInt(t.value,10))?r=1e3:~~r<200&&(r=200),s.height=r):\"link\"===t.message&&(r=new URL(s.getAttribute(\"src\")),n=new URL(t.value),c.test(n.protocol))&&n.host===r.host&&l.activeElement===s&&(d.top.location.href=t.value))}},d.addEventListener(\"message\",d.wp.receiveEmbedMessage,!1),l.addEventListener(\"DOMContentLoaded\",function(){for(var e,t,s=l.querySelectorAll(\"iframe.wp-embedded-content\"),r=0;r<s.length;r++)(t=(e=s[r]).getAttribute(\"data-secret\"))||(t=Math.random().toString(36).substring(2,12),e.src+=\"#?secret=\"+t,e.setAttribute(\"data-secret\",t)),e.contentWindow.postMessage({message:\"ready\",secret:t},\"*\")},!1)))}(window,document);\n\/* ]]> *\/\n<\/script>\n","thumbnail_url":"https:\/\/lightweb.dev\/l\/svm-temp\/wp-content\/uploads\/2022\/06\/nerjas-botaniska-tradgard-oppnar-inom-kort.png","thumbnail_width":280,"thumbnail_height":210,"description":"Tre miljoner euro som kommit fr\u00e5n EU-fonder via regionalregeringen Junta de Andalucia har bidragit till att den botaniska tr\u00e4dg\u00e5rden Detunda inom kort kan \u00f6ppna vid Nerja-grottorna. Arkitekten bakom den botaniska tr\u00e4dg\u00e5rden har redan f\u00e5tt en utm\u00e4rkelse. Nerjas borgm\u00e4stare Rosa Arrabal (PSOE) och milj\u00f6r\u00e5det Jorge Bravo (IU) informerade nyligen om att tr\u00e4dg\u00e5rden \u00f6ppnar inom kort. Arkitekten [&hellip;]"}