{"version":"1.0","provider_name":"Svenska Magasinet","provider_url":"https:\/\/lightweb.dev\/l\/svm-temp","author_name":"Redaktionen SvM","author_url":"https:\/\/lightweb.dev\/l\/svm-temp\/reporter\/redaktionen\/","title":"Norska investerare g\u00f6r om Plaza Solymar","type":"rich","width":600,"height":338,"html":"<blockquote class=\"wp-embedded-content\" data-secret=\"Yplbd6jwqx\"><a href=\"https:\/\/lightweb.dev\/l\/svm-temp\/nyheter\/norska-investerare-gor-om-plaza-solymar\/\">Norska investerare g\u00f6r om Plaza Solymar<\/a><\/blockquote><iframe sandbox=\"allow-scripts\" security=\"restricted\" src=\"https:\/\/lightweb.dev\/l\/svm-temp\/nyheter\/norska-investerare-gor-om-plaza-solymar\/embed\/#?secret=Yplbd6jwqx\" width=\"600\" height=\"338\" title=\"\u201dNorska investerare g\u00f6r om Plaza Solymar\u201d &ndash; Svenska Magasinet\" data-secret=\"Yplbd6jwqx\" frameborder=\"0\" marginwidth=\"0\" marginheight=\"0\" scrolling=\"no\" class=\"wp-embedded-content\"><\/iframe><script type=\"text\/javascript\">\n\/* <![CDATA[ *\/\n\/*! This file is auto-generated *\/\n!function(d,l){\"use strict\";l.querySelector&&d.addEventListener&&\"undefined\"!=typeof URL&&(d.wp=d.wp||{},d.wp.receiveEmbedMessage||(d.wp.receiveEmbedMessage=function(e){var t=e.data;if((t||t.secret||t.message||t.value)&&!\/[^a-zA-Z0-9]\/.test(t.secret)){for(var s,r,n,a=l.querySelectorAll('iframe[data-secret=\"'+t.secret+'\"]'),o=l.querySelectorAll('blockquote[data-secret=\"'+t.secret+'\"]'),c=new RegExp(\"^https?:$\",\"i\"),i=0;i<o.length;i++)o[i].style.display=\"none\";for(i=0;i<a.length;i++)s=a[i],e.source===s.contentWindow&&(s.removeAttribute(\"style\"),\"height\"===t.message?(1e3<(r=parseInt(t.value,10))?r=1e3:~~r<200&&(r=200),s.height=r):\"link\"===t.message&&(r=new URL(s.getAttribute(\"src\")),n=new URL(t.value),c.test(n.protocol))&&n.host===r.host&&l.activeElement===s&&(d.top.location.href=t.value))}},d.addEventListener(\"message\",d.wp.receiveEmbedMessage,!1),l.addEventListener(\"DOMContentLoaded\",function(){for(var e,t,s=l.querySelectorAll(\"iframe.wp-embedded-content\"),r=0;r<s.length;r++)(t=(e=s[r]).getAttribute(\"data-secret\"))||(t=Math.random().toString(36).substring(2,12),e.src+=\"#?secret=\"+t,e.setAttribute(\"data-secret\",t)),e.contentWindow.postMessage({message:\"ready\",secret:t},\"*\")},!1)))}(window,document);\n\/* ]]> *\/\n<\/script>\n","thumbnail_url":"https:\/\/lightweb.dev\/l\/svm-temp\/wp-content\/uploads\/2022\/06\/norska-investerare-gor-om-plaza-solymar.png","thumbnail_width":700,"thumbnail_height":421,"description":"Benalm\u00e1denas borgm\u00e4stare V\u00edctor Navas har tr\u00e4ffat representanter fr\u00e5n en grupp norska investerare som kommer att f\u00e5 en stor betydelse f\u00f6r Benalm\u00e1dena Costa. Plaza Solymar ovanf\u00f6r fritidshamnen Puerto Marina kommer att g\u00f6ras om till ett stort aff\u00e4rscentrum. Planeringen har varit ig\u00e5ng under tv\u00e5 \u00e5r. Anledningen \u00e4r att den norska investeringsgruppen har suttit i m\u00f6ten med inte [&hellip;]"}