{"version":"1.0","provider_name":"Svenska Magasinet","provider_url":"https:\/\/lightweb.dev\/l\/svm-temp","author_name":"Redaktionen SvM","author_url":"https:\/\/lightweb.dev\/l\/svm-temp\/reporter\/redaktionen\/","title":"Nya jordskalv p\u00e5 Solkusten","type":"rich","width":600,"height":338,"html":"<blockquote class=\"wp-embedded-content\" data-secret=\"pwf3VYbJ1K\"><a href=\"https:\/\/lightweb.dev\/l\/svm-temp\/nyheter\/nya-jordskalv-pa-solkusten\/\">Nya jordskalv p\u00e5 Solkusten<\/a><\/blockquote><iframe sandbox=\"allow-scripts\" security=\"restricted\" src=\"https:\/\/lightweb.dev\/l\/svm-temp\/nyheter\/nya-jordskalv-pa-solkusten\/embed\/#?secret=pwf3VYbJ1K\" width=\"600\" height=\"338\" title=\"\u201dNya jordskalv p\u00e5 Solkusten\u201d &ndash; Svenska Magasinet\" data-secret=\"pwf3VYbJ1K\" frameborder=\"0\" marginwidth=\"0\" marginheight=\"0\" scrolling=\"no\" class=\"wp-embedded-content\"><\/iframe><script type=\"text\/javascript\">\n\/* <![CDATA[ *\/\n\/*! This file is auto-generated *\/\n!function(d,l){\"use strict\";l.querySelector&&d.addEventListener&&\"undefined\"!=typeof URL&&(d.wp=d.wp||{},d.wp.receiveEmbedMessage||(d.wp.receiveEmbedMessage=function(e){var t=e.data;if((t||t.secret||t.message||t.value)&&!\/[^a-zA-Z0-9]\/.test(t.secret)){for(var s,r,n,a=l.querySelectorAll('iframe[data-secret=\"'+t.secret+'\"]'),o=l.querySelectorAll('blockquote[data-secret=\"'+t.secret+'\"]'),c=new RegExp(\"^https?:$\",\"i\"),i=0;i<o.length;i++)o[i].style.display=\"none\";for(i=0;i<a.length;i++)s=a[i],e.source===s.contentWindow&&(s.removeAttribute(\"style\"),\"height\"===t.message?(1e3<(r=parseInt(t.value,10))?r=1e3:~~r<200&&(r=200),s.height=r):\"link\"===t.message&&(r=new URL(s.getAttribute(\"src\")),n=new URL(t.value),c.test(n.protocol))&&n.host===r.host&&l.activeElement===s&&(d.top.location.href=t.value))}},d.addEventListener(\"message\",d.wp.receiveEmbedMessage,!1),l.addEventListener(\"DOMContentLoaded\",function(){for(var e,t,s=l.querySelectorAll(\"iframe.wp-embedded-content\"),r=0;r<s.length;r++)(t=(e=s[r]).getAttribute(\"data-secret\"))||(t=Math.random().toString(36).substring(2,12),e.src+=\"#?secret=\"+t,e.setAttribute(\"data-secret\",t)),e.contentWindow.postMessage({message:\"ready\",secret:t},\"*\")},!1)))}(window,document);\n\/* ]]> *\/\n<\/script>\n","thumbnail_url":"https:\/\/lightweb.dev\/l\/svm-temp\/wp-content\/uploads\/2022\/06\/nya-jordskalv-pa-solkusten.png","thumbnail_width":299,"thumbnail_height":200,"description":"Ytterligare ett mindre jordskalv har intr\u00e4ffat p\u00e5 Solkusten. Skalvet som m\u00e4tte 3,0 p\u00e5 Richterskalan intr\u00e4ffade p\u00e5 tv\u00e5 kilometers djup sydost om Manilva p\u00e5 v\u00e4stra Costa del Sol. Dagstidningen Diario SUR uppger att skalvet k\u00e4ndes i Sabinillas, Estepona och Casares. \u201dDet har kommit in rapporter att b\u00f6cker har fallit fr\u00e5n n\u00e5gon hylla. N\u00e5gra allvarliga skador har [&hellip;]"}