{"version":"1.0","provider_name":"Svenska Magasinet","provider_url":"https:\/\/lightweb.dev\/l\/svm-temp","author_name":"Redaktionen SvM","author_url":"https:\/\/lightweb.dev\/l\/svm-temp\/reporter\/redaktionen\/","title":"P\u00e5 s\u00f6ndag b\u00f6rjar vinterrean","type":"rich","width":600,"height":338,"html":"<blockquote class=\"wp-embedded-content\" data-secret=\"UBtPXvwSKr\"><a href=\"https:\/\/lightweb.dev\/l\/svm-temp\/nyheter\/pa-sondag-borjar-vinterrean\/\">P\u00e5 s\u00f6ndag b\u00f6rjar vinterrean<\/a><\/blockquote><iframe sandbox=\"allow-scripts\" security=\"restricted\" src=\"https:\/\/lightweb.dev\/l\/svm-temp\/nyheter\/pa-sondag-borjar-vinterrean\/embed\/#?secret=UBtPXvwSKr\" width=\"600\" height=\"338\" title=\"\u201dP\u00e5 s\u00f6ndag b\u00f6rjar vinterrean\u201d &ndash; Svenska Magasinet\" data-secret=\"UBtPXvwSKr\" frameborder=\"0\" marginwidth=\"0\" marginheight=\"0\" scrolling=\"no\" class=\"wp-embedded-content\"><\/iframe><script type=\"text\/javascript\">\n\/* <![CDATA[ *\/\n\/*! This file is auto-generated *\/\n!function(d,l){\"use strict\";l.querySelector&&d.addEventListener&&\"undefined\"!=typeof URL&&(d.wp=d.wp||{},d.wp.receiveEmbedMessage||(d.wp.receiveEmbedMessage=function(e){var t=e.data;if((t||t.secret||t.message||t.value)&&!\/[^a-zA-Z0-9]\/.test(t.secret)){for(var s,r,n,a=l.querySelectorAll('iframe[data-secret=\"'+t.secret+'\"]'),o=l.querySelectorAll('blockquote[data-secret=\"'+t.secret+'\"]'),c=new RegExp(\"^https?:$\",\"i\"),i=0;i<o.length;i++)o[i].style.display=\"none\";for(i=0;i<a.length;i++)s=a[i],e.source===s.contentWindow&&(s.removeAttribute(\"style\"),\"height\"===t.message?(1e3<(r=parseInt(t.value,10))?r=1e3:~~r<200&&(r=200),s.height=r):\"link\"===t.message&&(r=new URL(s.getAttribute(\"src\")),n=new URL(t.value),c.test(n.protocol))&&n.host===r.host&&l.activeElement===s&&(d.top.location.href=t.value))}},d.addEventListener(\"message\",d.wp.receiveEmbedMessage,!1),l.addEventListener(\"DOMContentLoaded\",function(){for(var e,t,s=l.querySelectorAll(\"iframe.wp-embedded-content\"),r=0;r<s.length;r++)(t=(e=s[r]).getAttribute(\"data-secret\"))||(t=Math.random().toString(36).substring(2,12),e.src+=\"#?secret=\"+t,e.setAttribute(\"data-secret\",t)),e.contentWindow.postMessage({message:\"ready\",secret:t},\"*\")},!1)))}(window,document);\n\/* ]]> *\/\n<\/script>\n","thumbnail_url":"https:\/\/lightweb.dev\/l\/svm-temp\/wp-content\/uploads\/2022\/06\/pa-sondag-borjar-vinterrean.png","thumbnail_width":356,"thumbnail_height":200,"description":"Det andalusiska handelsr\u00e5det har beslutat att k\u00f6pcentrum och butiker f\u00e5r h\u00e5lla \u00f6ppet under flera s\u00f6ndagar och helgdagar under 2018. Butikernas \u00f6ppettider vid helgdagar regleras av b\u00e5de regionala och lokala myndigheterna. Hittills har det tagits beslut om tio datum. P\u00e5 s\u00f6ndag v\u00e4ntar den f\u00f6rsta butiks\u00f6ppna s\u00f6ndagen f\u00f6r \u00e5ret d\u00e5 jul- och vinterrean inleds. N\u00e4r det g\u00e4ller [&hellip;]"}