{"version":"1.0","provider_name":"Svenska Magasinet","provider_url":"https:\/\/lightweb.dev\/l\/svm-temp","author_name":"Ola Josefsson","author_url":"https:\/\/lightweb.dev\/l\/svm-temp\/reporter\/ola-josefsson\/","title":"Pedro S\u00e1nchez utlyser nyval","type":"rich","width":600,"height":338,"html":"<blockquote class=\"wp-embedded-content\" data-secret=\"bms4AtUruY\"><a href=\"https:\/\/lightweb.dev\/l\/svm-temp\/nyheter\/pedro-sanchez-utlyser-nyval\/\">Pedro S\u00e1nchez utlyser nyval<\/a><\/blockquote><iframe sandbox=\"allow-scripts\" security=\"restricted\" src=\"https:\/\/lightweb.dev\/l\/svm-temp\/nyheter\/pedro-sanchez-utlyser-nyval\/embed\/#?secret=bms4AtUruY\" width=\"600\" height=\"338\" title=\"\u201dPedro S\u00e1nchez utlyser nyval\u201d &ndash; Svenska Magasinet\" data-secret=\"bms4AtUruY\" frameborder=\"0\" marginwidth=\"0\" marginheight=\"0\" scrolling=\"no\" class=\"wp-embedded-content\"><\/iframe><script type=\"text\/javascript\">\n\/* <![CDATA[ *\/\n\/*! This file is auto-generated *\/\n!function(d,l){\"use strict\";l.querySelector&&d.addEventListener&&\"undefined\"!=typeof URL&&(d.wp=d.wp||{},d.wp.receiveEmbedMessage||(d.wp.receiveEmbedMessage=function(e){var t=e.data;if((t||t.secret||t.message||t.value)&&!\/[^a-zA-Z0-9]\/.test(t.secret)){for(var s,r,n,a=l.querySelectorAll('iframe[data-secret=\"'+t.secret+'\"]'),o=l.querySelectorAll('blockquote[data-secret=\"'+t.secret+'\"]'),c=new RegExp(\"^https?:$\",\"i\"),i=0;i<o.length;i++)o[i].style.display=\"none\";for(i=0;i<a.length;i++)s=a[i],e.source===s.contentWindow&&(s.removeAttribute(\"style\"),\"height\"===t.message?(1e3<(r=parseInt(t.value,10))?r=1e3:~~r<200&&(r=200),s.height=r):\"link\"===t.message&&(r=new URL(s.getAttribute(\"src\")),n=new URL(t.value),c.test(n.protocol))&&n.host===r.host&&l.activeElement===s&&(d.top.location.href=t.value))}},d.addEventListener(\"message\",d.wp.receiveEmbedMessage,!1),l.addEventListener(\"DOMContentLoaded\",function(){for(var e,t,s=l.querySelectorAll(\"iframe.wp-embedded-content\"),r=0;r<s.length;r++)(t=(e=s[r]).getAttribute(\"data-secret\"))||(t=Math.random().toString(36).substring(2,12),e.src+=\"#?secret=\"+t,e.setAttribute(\"data-secret\",t)),e.contentWindow.postMessage({message:\"ready\",secret:t},\"*\")},!1)))}(window,document);\n\/* ]]> *\/\n<\/script>\n","thumbnail_url":"https:\/\/lightweb.dev\/l\/svm-temp\/wp-content\/uploads\/2023\/05\/Skarmavbild-2023-05-29-kl.-14.55.32-stor.jpeg","thumbnail_width":1280,"thumbnail_height":637,"description":"Efter g\u00e5rdagens nederlag uppl\u00f6ser Spaniens regeringschef Pedro S\u00e1nchez parlamentet och utlyser nyval. Jag tror att det b\u00e4sta \u00e4r att inv\u00e5narna utan dr\u00f6jsm\u00e5l f\u00e5r ta beslut om vilken politisk kurs landet ska ta. Det sa S\u00e1nchez vid under kort framtr\u00e4dande p\u00e5 regeringskansliet La Moncloa."}