{"version":"1.0","provider_name":"Svenska Magasinet","provider_url":"https:\/\/lightweb.dev\/l\/svm-temp","author_name":"Redaktionen SvM","author_url":"https:\/\/lightweb.dev\/l\/svm-temp\/reporter\/redaktionen\/","title":"Polariserat n\u00e4r Madridregionen g\u00e5r till val","type":"rich","width":600,"height":338,"html":"<blockquote class=\"wp-embedded-content\" data-secret=\"tMqT6ACinK\"><a href=\"https:\/\/lightweb.dev\/l\/svm-temp\/nyheter\/polariserat-nar-madridregionen-gar-till-val\/\">Polariserat n\u00e4r Madridregionen g\u00e5r till val<\/a><\/blockquote><iframe sandbox=\"allow-scripts\" security=\"restricted\" src=\"https:\/\/lightweb.dev\/l\/svm-temp\/nyheter\/polariserat-nar-madridregionen-gar-till-val\/embed\/#?secret=tMqT6ACinK\" width=\"600\" height=\"338\" title=\"\u201dPolariserat n\u00e4r Madridregionen g\u00e5r till val\u201d &ndash; Svenska Magasinet\" data-secret=\"tMqT6ACinK\" frameborder=\"0\" marginwidth=\"0\" marginheight=\"0\" scrolling=\"no\" class=\"wp-embedded-content\"><\/iframe><script type=\"text\/javascript\">\n\/* <![CDATA[ *\/\n\/*! This file is auto-generated *\/\n!function(d,l){\"use strict\";l.querySelector&&d.addEventListener&&\"undefined\"!=typeof URL&&(d.wp=d.wp||{},d.wp.receiveEmbedMessage||(d.wp.receiveEmbedMessage=function(e){var t=e.data;if((t||t.secret||t.message||t.value)&&!\/[^a-zA-Z0-9]\/.test(t.secret)){for(var s,r,n,a=l.querySelectorAll('iframe[data-secret=\"'+t.secret+'\"]'),o=l.querySelectorAll('blockquote[data-secret=\"'+t.secret+'\"]'),c=new RegExp(\"^https?:$\",\"i\"),i=0;i<o.length;i++)o[i].style.display=\"none\";for(i=0;i<a.length;i++)s=a[i],e.source===s.contentWindow&&(s.removeAttribute(\"style\"),\"height\"===t.message?(1e3<(r=parseInt(t.value,10))?r=1e3:~~r<200&&(r=200),s.height=r):\"link\"===t.message&&(r=new URL(s.getAttribute(\"src\")),n=new URL(t.value),c.test(n.protocol))&&n.host===r.host&&l.activeElement===s&&(d.top.location.href=t.value))}},d.addEventListener(\"message\",d.wp.receiveEmbedMessage,!1),l.addEventListener(\"DOMContentLoaded\",function(){for(var e,t,s=l.querySelectorAll(\"iframe.wp-embedded-content\"),r=0;r<s.length;r++)(t=(e=s[r]).getAttribute(\"data-secret\"))||(t=Math.random().toString(36).substring(2,12),e.src+=\"#?secret=\"+t,e.setAttribute(\"data-secret\",t)),e.contentWindow.postMessage({message:\"ready\",secret:t},\"*\")},!1)))}(window,document);\n\/* ]]> *\/\n<\/script>\n","thumbnail_url":"https:\/\/lightweb.dev\/l\/svm-temp\/wp-content\/uploads\/2022\/06\/polariserat-nar-madridregionen-gar-till-val.png","thumbnail_width":500,"thumbnail_height":300,"description":"\u201dDemokrati eller fascism\u201d. \u201dKommunism eller frihet\u201d. S\u00e5 har det l\u00e5tit de senaste veckorna. Idag kommer 5.112.658 r\u00f6stber\u00e4ttigade i Madridregionen att v\u00e4lja. Men fr\u00e5gan \u00e4r hur stort valdeltagandet blir. Som mest l\u00e5g valdeltagandet p\u00e5 70,3 procent vid valet 1995. Vid senast regionvalet 2019 l\u00e5g det p\u00e5 64,2 procent. Vid 13-tiden p\u00e5 tisdagen kom det rapporter om [&hellip;]"}