{"version":"1.0","provider_name":"Svenska Magasinet","provider_url":"https:\/\/lightweb.dev\/l\/svm-temp","author_name":"Redaktionen SvM","author_url":"https:\/\/lightweb.dev\/l\/svm-temp\/reporter\/redaktionen\/","title":"Provinsen M\u00e1laga toppar tillv\u00e4xten i Andalusien","type":"rich","width":600,"height":338,"html":"<blockquote class=\"wp-embedded-content\" data-secret=\"ICaLcadO6v\"><a href=\"https:\/\/lightweb.dev\/l\/svm-temp\/nyheter\/provinsen-malaga-toppar-tillvaxten-i-andalusien\/\">Provinsen M\u00e1laga toppar tillv\u00e4xten i Andalusien<\/a><\/blockquote><iframe sandbox=\"allow-scripts\" security=\"restricted\" src=\"https:\/\/lightweb.dev\/l\/svm-temp\/nyheter\/provinsen-malaga-toppar-tillvaxten-i-andalusien\/embed\/#?secret=ICaLcadO6v\" width=\"600\" height=\"338\" title=\"\u201dProvinsen M\u00e1laga toppar tillv\u00e4xten i Andalusien\u201d &ndash; Svenska Magasinet\" data-secret=\"ICaLcadO6v\" frameborder=\"0\" marginwidth=\"0\" marginheight=\"0\" scrolling=\"no\" class=\"wp-embedded-content\"><\/iframe><script type=\"text\/javascript\">\n\/* <![CDATA[ *\/\n\/*! This file is auto-generated *\/\n!function(d,l){\"use strict\";l.querySelector&&d.addEventListener&&\"undefined\"!=typeof URL&&(d.wp=d.wp||{},d.wp.receiveEmbedMessage||(d.wp.receiveEmbedMessage=function(e){var t=e.data;if((t||t.secret||t.message||t.value)&&!\/[^a-zA-Z0-9]\/.test(t.secret)){for(var s,r,n,a=l.querySelectorAll('iframe[data-secret=\"'+t.secret+'\"]'),o=l.querySelectorAll('blockquote[data-secret=\"'+t.secret+'\"]'),c=new RegExp(\"^https?:$\",\"i\"),i=0;i<o.length;i++)o[i].style.display=\"none\";for(i=0;i<a.length;i++)s=a[i],e.source===s.contentWindow&&(s.removeAttribute(\"style\"),\"height\"===t.message?(1e3<(r=parseInt(t.value,10))?r=1e3:~~r<200&&(r=200),s.height=r):\"link\"===t.message&&(r=new URL(s.getAttribute(\"src\")),n=new URL(t.value),c.test(n.protocol))&&n.host===r.host&&l.activeElement===s&&(d.top.location.href=t.value))}},d.addEventListener(\"message\",d.wp.receiveEmbedMessage,!1),l.addEventListener(\"DOMContentLoaded\",function(){for(var e,t,s=l.querySelectorAll(\"iframe.wp-embedded-content\"),r=0;r<s.length;r++)(t=(e=s[r]).getAttribute(\"data-secret\"))||(t=Math.random().toString(36).substring(2,12),e.src+=\"#?secret=\"+t,e.setAttribute(\"data-secret\",t)),e.contentWindow.postMessage({message:\"ready\",secret:t},\"*\")},!1)))}(window,document);\n\/* ]]> *\/\n<\/script>\n","thumbnail_url":"https:\/\/lightweb.dev\/l\/svm-temp\/wp-content\/uploads\/2022\/06\/provinsen-malaga-toppar-tillvaxten-i-andalusien.png","thumbnail_width":700,"thumbnail_height":420,"description":"Fastighetsbranschen \u00e4r den mest dynamiska sektorn i provinsens n\u00e4ringsliv. I Andalusien \u00e4r det provinsen M\u00e1laga och Costa del Sol som den ekonomiska tillv\u00e4xten \u00e4r starkast. Den v\u00e4ntas stiga med 2,6 procent under 2019. Arbetsl\u00f6sheten \u00e4r det m\u00f6rka molnet p\u00e5 himlen och hamnar p\u00e5 21,2 procent. Under 2018 v\u00e4xte ekonomin i provinsen M\u00e1laga med 2,8 procent. [&hellip;]"}