{"version":"1.0","provider_name":"Svenska Magasinet","provider_url":"https:\/\/lightweb.dev\/l\/svm-temp","author_name":"Redaktionen SvM","author_url":"https:\/\/lightweb.dev\/l\/svm-temp\/reporter\/redaktionen\/","title":"PSOE tar v\u00e4nstersv\u00e4ng","type":"rich","width":600,"height":338,"html":"<blockquote class=\"wp-embedded-content\" data-secret=\"Yxrcz5Oidf\"><a href=\"https:\/\/lightweb.dev\/l\/svm-temp\/nyheter\/psoe-tar-vanstersvang\/\">PSOE tar v\u00e4nstersv\u00e4ng<\/a><\/blockquote><iframe sandbox=\"allow-scripts\" security=\"restricted\" src=\"https:\/\/lightweb.dev\/l\/svm-temp\/nyheter\/psoe-tar-vanstersvang\/embed\/#?secret=Yxrcz5Oidf\" width=\"600\" height=\"338\" title=\"\u201dPSOE tar v\u00e4nstersv\u00e4ng\u201d &ndash; Svenska Magasinet\" data-secret=\"Yxrcz5Oidf\" frameborder=\"0\" marginwidth=\"0\" marginheight=\"0\" scrolling=\"no\" class=\"wp-embedded-content\"><\/iframe><script type=\"text\/javascript\">\n\/* <![CDATA[ *\/\n\/*! This file is auto-generated *\/\n!function(d,l){\"use strict\";l.querySelector&&d.addEventListener&&\"undefined\"!=typeof URL&&(d.wp=d.wp||{},d.wp.receiveEmbedMessage||(d.wp.receiveEmbedMessage=function(e){var t=e.data;if((t||t.secret||t.message||t.value)&&!\/[^a-zA-Z0-9]\/.test(t.secret)){for(var s,r,n,a=l.querySelectorAll('iframe[data-secret=\"'+t.secret+'\"]'),o=l.querySelectorAll('blockquote[data-secret=\"'+t.secret+'\"]'),c=new RegExp(\"^https?:$\",\"i\"),i=0;i<o.length;i++)o[i].style.display=\"none\";for(i=0;i<a.length;i++)s=a[i],e.source===s.contentWindow&&(s.removeAttribute(\"style\"),\"height\"===t.message?(1e3<(r=parseInt(t.value,10))?r=1e3:~~r<200&&(r=200),s.height=r):\"link\"===t.message&&(r=new URL(s.getAttribute(\"src\")),n=new URL(t.value),c.test(n.protocol))&&n.host===r.host&&l.activeElement===s&&(d.top.location.href=t.value))}},d.addEventListener(\"message\",d.wp.receiveEmbedMessage,!1),l.addEventListener(\"DOMContentLoaded\",function(){for(var e,t,s=l.querySelectorAll(\"iframe.wp-embedded-content\"),r=0;r<s.length;r++)(t=(e=s[r]).getAttribute(\"data-secret\"))||(t=Math.random().toString(36).substring(2,12),e.src+=\"#?secret=\"+t,e.setAttribute(\"data-secret\",t)),e.contentWindow.postMessage({message:\"ready\",secret:t},\"*\")},!1)))}(window,document);\n\/* ]]> *\/\n<\/script>\n","thumbnail_url":"https:\/\/lightweb.dev\/l\/svm-temp\/wp-content\/uploads\/2022\/06\/psoe-tar-vanstersvang.png","thumbnail_width":361,"thumbnail_height":200,"description":"Efter helgens partikongress har de spanska socialdemokraterna beslutat att bli mer radikala och de flesta rikstidningar i Spanien beskriver hur det st\u00f6rsta oppositionspartiet med ledaren Alfredo P\u00e9rez Rubalcaba tar en rej\u00e4l v\u00e4nstersv\u00e4ng. Regeringspartiet Partido Popular och partisekreteraren Mar\u00eda Dolores de Cospedal kommenterade under m\u00e5ndagen helgens socialdemokratiska utspel med att \u201dSpanien inte beh\u00f6ver n\u00e5gon radikalism, vi [&hellip;]"}