{"version":"1.0","provider_name":"Svenska Magasinet","provider_url":"https:\/\/lightweb.dev\/l\/svm-temp","author_name":"Robbie Eriksson","author_url":"https:\/\/lightweb.dev\/l\/svm-temp\/reporter\/robbie-eriksson\/","title":"Regeringen inf\u00f6r nytt register f\u00f6r turistbost\u00e4der","type":"rich","width":600,"height":338,"html":"<blockquote class=\"wp-embedded-content\" data-secret=\"IfTLrDXu2r\"><a href=\"https:\/\/lightweb.dev\/l\/svm-temp\/nyheter\/regeringen-infor-nytt-register-for-turistbostader\/\">Regeringen inf\u00f6r nytt register f\u00f6r turistbost\u00e4der<\/a><\/blockquote><iframe sandbox=\"allow-scripts\" security=\"restricted\" src=\"https:\/\/lightweb.dev\/l\/svm-temp\/nyheter\/regeringen-infor-nytt-register-for-turistbostader\/embed\/#?secret=IfTLrDXu2r\" width=\"600\" height=\"338\" title=\"\u201dRegeringen inf\u00f6r nytt register f\u00f6r turistbost\u00e4der\u201d &ndash; Svenska Magasinet\" data-secret=\"IfTLrDXu2r\" frameborder=\"0\" marginwidth=\"0\" marginheight=\"0\" scrolling=\"no\" class=\"wp-embedded-content\"><\/iframe><script type=\"text\/javascript\">\n\/* <![CDATA[ *\/\n\/*! This file is auto-generated *\/\n!function(d,l){\"use strict\";l.querySelector&&d.addEventListener&&\"undefined\"!=typeof URL&&(d.wp=d.wp||{},d.wp.receiveEmbedMessage||(d.wp.receiveEmbedMessage=function(e){var t=e.data;if((t||t.secret||t.message||t.value)&&!\/[^a-zA-Z0-9]\/.test(t.secret)){for(var s,r,n,a=l.querySelectorAll('iframe[data-secret=\"'+t.secret+'\"]'),o=l.querySelectorAll('blockquote[data-secret=\"'+t.secret+'\"]'),c=new RegExp(\"^https?:$\",\"i\"),i=0;i<o.length;i++)o[i].style.display=\"none\";for(i=0;i<a.length;i++)s=a[i],e.source===s.contentWindow&&(s.removeAttribute(\"style\"),\"height\"===t.message?(1e3<(r=parseInt(t.value,10))?r=1e3:~~r<200&&(r=200),s.height=r):\"link\"===t.message&&(r=new URL(s.getAttribute(\"src\")),n=new URL(t.value),c.test(n.protocol))&&n.host===r.host&&l.activeElement===s&&(d.top.location.href=t.value))}},d.addEventListener(\"message\",d.wp.receiveEmbedMessage,!1),l.addEventListener(\"DOMContentLoaded\",function(){for(var e,t,s=l.querySelectorAll(\"iframe.wp-embedded-content\"),r=0;r<s.length;r++)(t=(e=s[r]).getAttribute(\"data-secret\"))||(t=Math.random().toString(36).substring(2,12),e.src+=\"#?secret=\"+t,e.setAttribute(\"data-secret\",t)),e.contentWindow.postMessage({message:\"ready\",secret:t},\"*\")},!1)))}(window,document);\n\/* ]]> *\/\n<\/script>\n","thumbnail_url":"https:\/\/lightweb.dev\/l\/svm-temp\/wp-content\/uploads\/2024\/06\/turist-bostader.jpg","thumbnail_width":1024,"thumbnail_height":560,"description":"Den spanska regeringen f\u00f6rs\u00f6ker lugna de demonstrationer och protester som uppst\u00e5tt p\u00e5 grund av den nationella bostadskrisen. Man g\u00f6r det genom att ge gr\u00f6nt ljus till tv\u00e5 \u00e5tg\u00e4rder som har utvecklats sedan en tid tillbaka. En av dessa har lett till konflikt med koalitionspartnern Sumar.\u00a0"}