{"version":"1.0","provider_name":"Svenska Magasinet","provider_url":"https:\/\/lightweb.dev\/l\/svm-temp","author_name":"Ola Josefsson","author_url":"https:\/\/lightweb.dev\/l\/svm-temp\/reporter\/ola-josefsson\/","title":"Regnig och ostabil jul och ny\u00e5r","type":"rich","width":600,"height":338,"html":"<blockquote class=\"wp-embedded-content\" data-secret=\"SEGX2DsrRG\"><a href=\"https:\/\/lightweb.dev\/l\/svm-temp\/nyheter\/regnig-och-ostabil-jul-och-nyar\/\">Regnig och ostabil jul och ny\u00e5r<\/a><\/blockquote><iframe sandbox=\"allow-scripts\" security=\"restricted\" src=\"https:\/\/lightweb.dev\/l\/svm-temp\/nyheter\/regnig-och-ostabil-jul-och-nyar\/embed\/#?secret=SEGX2DsrRG\" width=\"600\" height=\"338\" title=\"\u201dRegnig och ostabil jul och ny\u00e5r\u201d &ndash; Svenska Magasinet\" data-secret=\"SEGX2DsrRG\" frameborder=\"0\" marginwidth=\"0\" marginheight=\"0\" scrolling=\"no\" class=\"wp-embedded-content\"><\/iframe><script type=\"text\/javascript\">\n\/* <![CDATA[ *\/\n\/*! This file is auto-generated *\/\n!function(d,l){\"use strict\";l.querySelector&&d.addEventListener&&\"undefined\"!=typeof URL&&(d.wp=d.wp||{},d.wp.receiveEmbedMessage||(d.wp.receiveEmbedMessage=function(e){var t=e.data;if((t||t.secret||t.message||t.value)&&!\/[^a-zA-Z0-9]\/.test(t.secret)){for(var s,r,n,a=l.querySelectorAll('iframe[data-secret=\"'+t.secret+'\"]'),o=l.querySelectorAll('blockquote[data-secret=\"'+t.secret+'\"]'),c=new RegExp(\"^https?:$\",\"i\"),i=0;i<o.length;i++)o[i].style.display=\"none\";for(i=0;i<a.length;i++)s=a[i],e.source===s.contentWindow&&(s.removeAttribute(\"style\"),\"height\"===t.message?(1e3<(r=parseInt(t.value,10))?r=1e3:~~r<200&&(r=200),s.height=r):\"link\"===t.message&&(r=new URL(s.getAttribute(\"src\")),n=new URL(t.value),c.test(n.protocol))&&n.host===r.host&&l.activeElement===s&&(d.top.location.href=t.value))}},d.addEventListener(\"message\",d.wp.receiveEmbedMessage,!1),l.addEventListener(\"DOMContentLoaded\",function(){for(var e,t,s=l.querySelectorAll(\"iframe.wp-embedded-content\"),r=0;r<s.length;r++)(t=(e=s[r]).getAttribute(\"data-secret\"))||(t=Math.random().toString(36).substring(2,12),e.src+=\"#?secret=\"+t,e.setAttribute(\"data-secret\",t)),e.contentWindow.postMessage({message:\"ready\",secret:t},\"*\")},!1)))}(window,document);\n\/* ]]> *\/\n<\/script>\n","thumbnail_url":"https:\/\/lightweb.dev\/l\/svm-temp\/wp-content\/uploads\/2022\/04\/regnig-och-ostabil-jul-och-nyr.png","thumbnail_width":500,"thumbnail_height":300,"description":"Det blir regnigt och bl\u00f6tt p\u00e5 Solkusten under jul och ny\u00e5r. Och det ostabila v\u00e4dret f\u00f6rv\u00e4ntas forts\u00e4tta en bit in i januari. Det visar l\u00e5ngtidsprognosen fr\u00e5n v\u00e4derlekstj\u00e4nsten Aemet (Agencia Estatal de Meteorolog\u00eda). Det har varit en mycket torr h\u00f6st. Nu sker ett v\u00e4deromslag till det s\u00e4mre. Och det ostabila v\u00e4dret som ger regn kommer att [&hellip;]"}