{"version":"1.0","provider_name":"Svenska Magasinet","provider_url":"https:\/\/lightweb.dev\/l\/svm-temp","author_name":"Redaktionen SvM","author_url":"https:\/\/lightweb.dev\/l\/svm-temp\/reporter\/redaktionen\/","title":"Rekordv\u00e4rme p\u00e5 Solkusten","type":"rich","width":600,"height":338,"html":"<blockquote class=\"wp-embedded-content\" data-secret=\"boH0lr8qsO\"><a href=\"https:\/\/lightweb.dev\/l\/svm-temp\/nyheter\/rekordvarme-pa-solkusten\/\">Rekordv\u00e4rme p\u00e5 Solkusten<\/a><\/blockquote><iframe sandbox=\"allow-scripts\" security=\"restricted\" src=\"https:\/\/lightweb.dev\/l\/svm-temp\/nyheter\/rekordvarme-pa-solkusten\/embed\/#?secret=boH0lr8qsO\" width=\"600\" height=\"338\" title=\"\u201dRekordv\u00e4rme p\u00e5 Solkusten\u201d &ndash; Svenska Magasinet\" data-secret=\"boH0lr8qsO\" frameborder=\"0\" marginwidth=\"0\" marginheight=\"0\" scrolling=\"no\" class=\"wp-embedded-content\"><\/iframe><script type=\"text\/javascript\">\n\/* <![CDATA[ *\/\n\/*! This file is auto-generated *\/\n!function(d,l){\"use strict\";l.querySelector&&d.addEventListener&&\"undefined\"!=typeof URL&&(d.wp=d.wp||{},d.wp.receiveEmbedMessage||(d.wp.receiveEmbedMessage=function(e){var t=e.data;if((t||t.secret||t.message||t.value)&&!\/[^a-zA-Z0-9]\/.test(t.secret)){for(var s,r,n,a=l.querySelectorAll('iframe[data-secret=\"'+t.secret+'\"]'),o=l.querySelectorAll('blockquote[data-secret=\"'+t.secret+'\"]'),c=new RegExp(\"^https?:$\",\"i\"),i=0;i<o.length;i++)o[i].style.display=\"none\";for(i=0;i<a.length;i++)s=a[i],e.source===s.contentWindow&&(s.removeAttribute(\"style\"),\"height\"===t.message?(1e3<(r=parseInt(t.value,10))?r=1e3:~~r<200&&(r=200),s.height=r):\"link\"===t.message&&(r=new URL(s.getAttribute(\"src\")),n=new URL(t.value),c.test(n.protocol))&&n.host===r.host&&l.activeElement===s&&(d.top.location.href=t.value))}},d.addEventListener(\"message\",d.wp.receiveEmbedMessage,!1),l.addEventListener(\"DOMContentLoaded\",function(){for(var e,t,s=l.querySelectorAll(\"iframe.wp-embedded-content\"),r=0;r<s.length;r++)(t=(e=s[r]).getAttribute(\"data-secret\"))||(t=Math.random().toString(36).substring(2,12),e.src+=\"#?secret=\"+t,e.setAttribute(\"data-secret\",t)),e.contentWindow.postMessage({message:\"ready\",secret:t},\"*\")},!1)))}(window,document);\n\/* ]]> *\/\n<\/script>\n","thumbnail_url":"https:\/\/lightweb.dev\/l\/svm-temp\/wp-content\/uploads\/2022\/06\/rekordvarme-pa-solkusten.png","thumbnail_width":500,"thumbnail_height":300,"description":"35,4 grader registrerades p\u00e5 s\u00f6ndagen klockan 18.15 vid M\u00e1laga flygplats vilket \u00e4r den h\u00f6gsta noteringen f\u00f6r m\u00e5naden maj. Det tidigare v\u00e4rmerekordet vid den officiella m\u00e4tstationen p\u00e5 flygplatsen l\u00e5g p\u00e5 35 grader och uppm\u00e4ttes den 14 maj 1999. Lokalt uppm\u00e4ttes h\u00f6gre temperaturer som i El Atabal med 36,6 grader. Enligt officiella uppgifter fr\u00e5n v\u00e4derlekstj\u00e4nsten Aemet (Agencia [&hellip;]"}