{"version":"1.0","provider_name":"Svenska Magasinet","provider_url":"https:\/\/lightweb.dev\/l\/svm-temp","author_name":"Redaktionen SvM","author_url":"https:\/\/lightweb.dev\/l\/svm-temp\/reporter\/redaktionen\/","title":"S\u00e4krare v\u00e4gr\u00e4cken n\u00e4sta \u00e5r","type":"rich","width":600,"height":338,"html":"<blockquote class=\"wp-embedded-content\" data-secret=\"JxNADACjxW\"><a href=\"https:\/\/lightweb.dev\/l\/svm-temp\/nyheter\/sakrare-vagracken-nasta-ar\/\">S\u00e4krare v\u00e4gr\u00e4cken n\u00e4sta \u00e5r<\/a><\/blockquote><iframe sandbox=\"allow-scripts\" security=\"restricted\" src=\"https:\/\/lightweb.dev\/l\/svm-temp\/nyheter\/sakrare-vagracken-nasta-ar\/embed\/#?secret=JxNADACjxW\" width=\"600\" height=\"338\" title=\"\u201dS\u00e4krare v\u00e4gr\u00e4cken n\u00e4sta \u00e5r\u201d &ndash; Svenska Magasinet\" data-secret=\"JxNADACjxW\" frameborder=\"0\" marginwidth=\"0\" marginheight=\"0\" scrolling=\"no\" class=\"wp-embedded-content\"><\/iframe><script type=\"text\/javascript\">\n\/* <![CDATA[ *\/\n\/*! This file is auto-generated *\/\n!function(d,l){\"use strict\";l.querySelector&&d.addEventListener&&\"undefined\"!=typeof URL&&(d.wp=d.wp||{},d.wp.receiveEmbedMessage||(d.wp.receiveEmbedMessage=function(e){var t=e.data;if((t||t.secret||t.message||t.value)&&!\/[^a-zA-Z0-9]\/.test(t.secret)){for(var s,r,n,a=l.querySelectorAll('iframe[data-secret=\"'+t.secret+'\"]'),o=l.querySelectorAll('blockquote[data-secret=\"'+t.secret+'\"]'),c=new RegExp(\"^https?:$\",\"i\"),i=0;i<o.length;i++)o[i].style.display=\"none\";for(i=0;i<a.length;i++)s=a[i],e.source===s.contentWindow&&(s.removeAttribute(\"style\"),\"height\"===t.message?(1e3<(r=parseInt(t.value,10))?r=1e3:~~r<200&&(r=200),s.height=r):\"link\"===t.message&&(r=new URL(s.getAttribute(\"src\")),n=new URL(t.value),c.test(n.protocol))&&n.host===r.host&&l.activeElement===s&&(d.top.location.href=t.value))}},d.addEventListener(\"message\",d.wp.receiveEmbedMessage,!1),l.addEventListener(\"DOMContentLoaded\",function(){for(var e,t,s=l.querySelectorAll(\"iframe.wp-embedded-content\"),r=0;r<s.length;r++)(t=(e=s[r]).getAttribute(\"data-secret\"))||(t=Math.random().toString(36).substring(2,12),e.src+=\"#?secret=\"+t,e.setAttribute(\"data-secret\",t)),e.contentWindow.postMessage({message:\"ready\",secret:t},\"*\")},!1)))}(window,document);\n\/* ]]> *\/\n<\/script>\n","description":"Motorcyklisterna i M\u00e1lagaprovinsen kan \u00e4ntligen se fram emot lite b\u00e4ttre trafiks\u00e4kerhet n\u00e4sta \u00e5r. Kommunikationsministeriet har meddelat att man investerar 2,2 miljoner i nya s\u00e4krare v\u00e4gr\u00e4cken p\u00e5 58 kilometer v\u00e4g under 2008. Det \u00e4r de f\u00f6rhatliga v\u00e4gr\u00e4cken som \u00e4r \u00f6ppna nedtill som ska bytas ut till helt\u00e4ckande. Vid omkullk\u00f6rningar skadas flera motorcyklister \u00e5rligen n\u00e4r de kanar [&hellip;]"}