{"version":"1.0","provider_name":"Svenska Magasinet","provider_url":"https:\/\/lightweb.dev\/l\/svm-temp","author_name":"Redaktionen SvM","author_url":"https:\/\/lightweb.dev\/l\/svm-temp\/reporter\/redaktionen\/","title":"Skydd f\u00f6r fastighets\u00e4gare i Marbella?","type":"rich","width":600,"height":338,"html":"<blockquote class=\"wp-embedded-content\" data-secret=\"bzP1AOfkin\"><a href=\"https:\/\/lightweb.dev\/l\/svm-temp\/nyheter\/skydd-for-fastighetsagare-i-marbella\/\">Skydd f\u00f6r fastighets\u00e4gare i Marbella?<\/a><\/blockquote><iframe sandbox=\"allow-scripts\" security=\"restricted\" src=\"https:\/\/lightweb.dev\/l\/svm-temp\/nyheter\/skydd-for-fastighetsagare-i-marbella\/embed\/#?secret=bzP1AOfkin\" width=\"600\" height=\"338\" title=\"\u201dSkydd f\u00f6r fastighets\u00e4gare i Marbella?\u201d &ndash; Svenska Magasinet\" data-secret=\"bzP1AOfkin\" frameborder=\"0\" marginwidth=\"0\" marginheight=\"0\" scrolling=\"no\" class=\"wp-embedded-content\"><\/iframe><script type=\"text\/javascript\">\n\/* <![CDATA[ *\/\n\/*! This file is auto-generated *\/\n!function(d,l){\"use strict\";l.querySelector&&d.addEventListener&&\"undefined\"!=typeof URL&&(d.wp=d.wp||{},d.wp.receiveEmbedMessage||(d.wp.receiveEmbedMessage=function(e){var t=e.data;if((t||t.secret||t.message||t.value)&&!\/[^a-zA-Z0-9]\/.test(t.secret)){for(var s,r,n,a=l.querySelectorAll('iframe[data-secret=\"'+t.secret+'\"]'),o=l.querySelectorAll('blockquote[data-secret=\"'+t.secret+'\"]'),c=new RegExp(\"^https?:$\",\"i\"),i=0;i<o.length;i++)o[i].style.display=\"none\";for(i=0;i<a.length;i++)s=a[i],e.source===s.contentWindow&&(s.removeAttribute(\"style\"),\"height\"===t.message?(1e3<(r=parseInt(t.value,10))?r=1e3:~~r<200&&(r=200),s.height=r):\"link\"===t.message&&(r=new URL(s.getAttribute(\"src\")),n=new URL(t.value),c.test(n.protocol))&&n.host===r.host&&l.activeElement===s&&(d.top.location.href=t.value))}},d.addEventListener(\"message\",d.wp.receiveEmbedMessage,!1),l.addEventListener(\"DOMContentLoaded\",function(){for(var e,t,s=l.querySelectorAll(\"iframe.wp-embedded-content\"),r=0;r<s.length;r++)(t=(e=s[r]).getAttribute(\"data-secret\"))||(t=Math.random().toString(36).substring(2,12),e.src+=\"#?secret=\"+t,e.setAttribute(\"data-secret\",t)),e.contentWindow.postMessage({message:\"ready\",secret:t},\"*\")},!1)))}(window,document);\n\/* ]]> *\/\n<\/script>\n","description":"Det konservativa Partido Popular har motionerat om ut\u00f6kat skydd f\u00f6r alla dem som har k\u00f6pt en fastighet i Marbella i god tro. Motionen tas upp den h\u00e4r veckan och inneh\u00e5ller en uppmaning till den regionala myndigheten, Junta de Andaluc\u00eda, att ta fram mekanismer som s\u00e4krare k\u00f6parnas r\u00e4ttigheter. Problemet uppst\u00e5r n\u00e4r kompensation ska utg\u00e5 f\u00f6r byggen [&hellip;]"}