{"version":"1.0","provider_name":"Svenska Magasinet","provider_url":"https:\/\/lightweb.dev\/l\/svm-temp","author_name":"Redaktionen SvM","author_url":"https:\/\/lightweb.dev\/l\/svm-temp\/reporter\/redaktionen\/","title":"Soligt julfirande p\u00e5 Kanarie\u00f6arna","type":"rich","width":600,"height":338,"html":"<blockquote class=\"wp-embedded-content\" data-secret=\"CbisF8wM0Y\"><a href=\"https:\/\/lightweb.dev\/l\/svm-temp\/nyheter\/soligt-julfirande-pa-kanarieoarna\/\">Soligt julfirande p\u00e5 Kanarie\u00f6arna<\/a><\/blockquote><iframe sandbox=\"allow-scripts\" security=\"restricted\" src=\"https:\/\/lightweb.dev\/l\/svm-temp\/nyheter\/soligt-julfirande-pa-kanarieoarna\/embed\/#?secret=CbisF8wM0Y\" width=\"600\" height=\"338\" title=\"\u201dSoligt julfirande p\u00e5 Kanarie\u00f6arna\u201d &ndash; Svenska Magasinet\" data-secret=\"CbisF8wM0Y\" frameborder=\"0\" marginwidth=\"0\" marginheight=\"0\" scrolling=\"no\" class=\"wp-embedded-content\"><\/iframe><script type=\"text\/javascript\">\n\/* <![CDATA[ *\/\n\/*! This file is auto-generated *\/\n!function(d,l){\"use strict\";l.querySelector&&d.addEventListener&&\"undefined\"!=typeof URL&&(d.wp=d.wp||{},d.wp.receiveEmbedMessage||(d.wp.receiveEmbedMessage=function(e){var t=e.data;if((t||t.secret||t.message||t.value)&&!\/[^a-zA-Z0-9]\/.test(t.secret)){for(var s,r,n,a=l.querySelectorAll('iframe[data-secret=\"'+t.secret+'\"]'),o=l.querySelectorAll('blockquote[data-secret=\"'+t.secret+'\"]'),c=new RegExp(\"^https?:$\",\"i\"),i=0;i<o.length;i++)o[i].style.display=\"none\";for(i=0;i<a.length;i++)s=a[i],e.source===s.contentWindow&&(s.removeAttribute(\"style\"),\"height\"===t.message?(1e3<(r=parseInt(t.value,10))?r=1e3:~~r<200&&(r=200),s.height=r):\"link\"===t.message&&(r=new URL(s.getAttribute(\"src\")),n=new URL(t.value),c.test(n.protocol))&&n.host===r.host&&l.activeElement===s&&(d.top.location.href=t.value))}},d.addEventListener(\"message\",d.wp.receiveEmbedMessage,!1),l.addEventListener(\"DOMContentLoaded\",function(){for(var e,t,s=l.querySelectorAll(\"iframe.wp-embedded-content\"),r=0;r<s.length;r++)(t=(e=s[r]).getAttribute(\"data-secret\"))||(t=Math.random().toString(36).substring(2,12),e.src+=\"#?secret=\"+t,e.setAttribute(\"data-secret\",t)),e.contentWindow.postMessage({message:\"ready\",secret:t},\"*\")},!1)))}(window,document);\n\/* ]]> *\/\n<\/script>\n","thumbnail_url":"https:\/\/lightweb.dev\/l\/svm-temp\/wp-content\/uploads\/2022\/04\/soligt-julfirande-p-kanariearna.png","thumbnail_width":500,"thumbnail_height":300,"description":"Kanarie\u00f6arna hamnar som regel h\u00f6gt upp i rankingen bland svenskars favoritdestination f\u00f6r vinterns resor. Inte undra p\u00e5, d\u00e5 \u00f6gruppen bjuder p\u00e5 ett behagligt klimat med sol, bad och avslappning \u00e5ret om. \u00c4ven julen \u00e4r en tradition som firas p\u00e5 Kanarie\u00f6arna \u2013 om \u00e4n med lite fler soltimmar \u00e4n under Sveriges m\u00f6rka vinter. Hela artikeln om [&hellip;]"}