{"version":"1.0","provider_name":"Svenska Magasinet","provider_url":"https:\/\/lightweb.dev\/l\/svm-temp","author_name":"Redaktionen SvM","author_url":"https:\/\/lightweb.dev\/l\/svm-temp\/reporter\/redaktionen\/","title":"Spanien l\u00e4mnar st\u00f6dprogram f\u00f6r banksektorn","type":"rich","width":600,"height":338,"html":"<blockquote class=\"wp-embedded-content\" data-secret=\"VtkSDRZJ2E\"><a href=\"https:\/\/lightweb.dev\/l\/svm-temp\/nyheter\/spanien-lamnar-stodprogram-for-banksektorn\/\">Spanien l\u00e4mnar st\u00f6dprogram f\u00f6r banksektorn<\/a><\/blockquote><iframe sandbox=\"allow-scripts\" security=\"restricted\" src=\"https:\/\/lightweb.dev\/l\/svm-temp\/nyheter\/spanien-lamnar-stodprogram-for-banksektorn\/embed\/#?secret=VtkSDRZJ2E\" width=\"600\" height=\"338\" title=\"\u201dSpanien l\u00e4mnar st\u00f6dprogram f\u00f6r banksektorn\u201d &ndash; Svenska Magasinet\" data-secret=\"VtkSDRZJ2E\" frameborder=\"0\" marginwidth=\"0\" marginheight=\"0\" scrolling=\"no\" class=\"wp-embedded-content\"><\/iframe><script type=\"text\/javascript\">\n\/* <![CDATA[ *\/\n\/*! This file is auto-generated *\/\n!function(d,l){\"use strict\";l.querySelector&&d.addEventListener&&\"undefined\"!=typeof URL&&(d.wp=d.wp||{},d.wp.receiveEmbedMessage||(d.wp.receiveEmbedMessage=function(e){var t=e.data;if((t||t.secret||t.message||t.value)&&!\/[^a-zA-Z0-9]\/.test(t.secret)){for(var s,r,n,a=l.querySelectorAll('iframe[data-secret=\"'+t.secret+'\"]'),o=l.querySelectorAll('blockquote[data-secret=\"'+t.secret+'\"]'),c=new RegExp(\"^https?:$\",\"i\"),i=0;i<o.length;i++)o[i].style.display=\"none\";for(i=0;i<a.length;i++)s=a[i],e.source===s.contentWindow&&(s.removeAttribute(\"style\"),\"height\"===t.message?(1e3<(r=parseInt(t.value,10))?r=1e3:~~r<200&&(r=200),s.height=r):\"link\"===t.message&&(r=new URL(s.getAttribute(\"src\")),n=new URL(t.value),c.test(n.protocol))&&n.host===r.host&&l.activeElement===s&&(d.top.location.href=t.value))}},d.addEventListener(\"message\",d.wp.receiveEmbedMessage,!1),l.addEventListener(\"DOMContentLoaded\",function(){for(var e,t,s=l.querySelectorAll(\"iframe.wp-embedded-content\"),r=0;r<s.length;r++)(t=(e=s[r]).getAttribute(\"data-secret\"))||(t=Math.random().toString(36).substring(2,12),e.src+=\"#?secret=\"+t,e.setAttribute(\"data-secret\",t)),e.contentWindow.postMessage({message:\"ready\",secret:t},\"*\")},!1)))}(window,document);\n\/* ]]> *\/\n<\/script>\n","thumbnail_url":"https:\/\/lightweb.dev\/l\/svm-temp\/wp-content\/uploads\/2022\/06\/spanien-lamnar-stodprogram-for-banksektorn.png","thumbnail_width":299,"thumbnail_height":200,"description":"Eurogruppen besl\u00f6t p\u00e5 torsdagen att Spanien ska l\u00e4mna st\u00f6dprogrammet som var avsett f\u00f6r banksektorn utan att de f\u00e5r n\u00e5gra fortsatta st\u00f6d i form av kreditlinor. Det sade eurogruppens ordf\u00f6rande Jeroen Dijsselbloem (bilden) vid en presskonferens p\u00e5 torsdagskv\u00e4llen efter eurogruppens m\u00f6te. Spanien har genomdrivit sina ekonomiska anpassningsprogram med kraft och detta har gett resultat, fortsatte Jeroen [&hellip;]"}