{"version":"1.0","provider_name":"Svenska Magasinet","provider_url":"https:\/\/lightweb.dev\/l\/svm-temp","author_name":"Redaktionen SvM","author_url":"https:\/\/lightweb.dev\/l\/svm-temp\/reporter\/redaktionen\/","title":"Spanien rankas globalt p\u00e5 plats tolv","type":"rich","width":600,"height":338,"html":"<blockquote class=\"wp-embedded-content\" data-secret=\"mvEn5RaNED\"><a href=\"https:\/\/lightweb.dev\/l\/svm-temp\/nyheter\/spanien-rankas-globalt-pa-plats-tolv\/\">Spanien rankas globalt p\u00e5 plats tolv<\/a><\/blockquote><iframe sandbox=\"allow-scripts\" security=\"restricted\" src=\"https:\/\/lightweb.dev\/l\/svm-temp\/nyheter\/spanien-rankas-globalt-pa-plats-tolv\/embed\/#?secret=mvEn5RaNED\" width=\"600\" height=\"338\" title=\"\u201dSpanien rankas globalt p\u00e5 plats tolv\u201d &ndash; Svenska Magasinet\" data-secret=\"mvEn5RaNED\" frameborder=\"0\" marginwidth=\"0\" marginheight=\"0\" scrolling=\"no\" class=\"wp-embedded-content\"><\/iframe><script type=\"text\/javascript\">\n\/* <![CDATA[ *\/\n\/*! This file is auto-generated *\/\n!function(d,l){\"use strict\";l.querySelector&&d.addEventListener&&\"undefined\"!=typeof URL&&(d.wp=d.wp||{},d.wp.receiveEmbedMessage||(d.wp.receiveEmbedMessage=function(e){var t=e.data;if((t||t.secret||t.message||t.value)&&!\/[^a-zA-Z0-9]\/.test(t.secret)){for(var s,r,n,a=l.querySelectorAll('iframe[data-secret=\"'+t.secret+'\"]'),o=l.querySelectorAll('blockquote[data-secret=\"'+t.secret+'\"]'),c=new RegExp(\"^https?:$\",\"i\"),i=0;i<o.length;i++)o[i].style.display=\"none\";for(i=0;i<a.length;i++)s=a[i],e.source===s.contentWindow&&(s.removeAttribute(\"style\"),\"height\"===t.message?(1e3<(r=parseInt(t.value,10))?r=1e3:~~r<200&&(r=200),s.height=r):\"link\"===t.message&&(r=new URL(s.getAttribute(\"src\")),n=new URL(t.value),c.test(n.protocol))&&n.host===r.host&&l.activeElement===s&&(d.top.location.href=t.value))}},d.addEventListener(\"message\",d.wp.receiveEmbedMessage,!1),l.addEventListener(\"DOMContentLoaded\",function(){for(var e,t,s=l.querySelectorAll(\"iframe.wp-embedded-content\"),r=0;r<s.length;r++)(t=(e=s[r]).getAttribute(\"data-secret\"))||(t=Math.random().toString(36).substring(2,12),e.src+=\"#?secret=\"+t,e.setAttribute(\"data-secret\",t)),e.contentWindow.postMessage({message:\"ready\",secret:t},\"*\")},!1)))}(window,document);\n\/* ]]> *\/\n<\/script>\n","thumbnail_url":"https:\/\/lightweb.dev\/l\/svm-temp\/wp-content\/uploads\/2022\/06\/spanien-rankas-globalt-pa-plats-tolv.png","thumbnail_width":457,"thumbnail_height":200,"description":"Spanien ses som ett allt mer betydelsefullt land. Globalt rankas Spanien p\u00e5 tolfte plats och bland EU-l\u00e4nder som nummer sex. Landet har under de senaste 25 \u00e5ren \u201dintegrerat sig snabbt\u201d bland v\u00e4rldens mest betydelsefulla l\u00e4nder. Det visar ett index \u00f6ver v\u00e4rldens mest betydelsefulla l\u00e4nder som publicerades p\u00e5 fredagen av institutet Real Instituto Elcano. Resultatet presenterades [&hellip;]"}