{"version":"1.0","provider_name":"Svenska Magasinet","provider_url":"https:\/\/lightweb.dev\/l\/svm-temp","author_name":"Redaktionen SvM","author_url":"https:\/\/lightweb.dev\/l\/svm-temp\/reporter\/redaktionen\/","title":"Spanska medborgare evakueras fr\u00e5n Wuhan","type":"rich","width":600,"height":338,"html":"<blockquote class=\"wp-embedded-content\" data-secret=\"kl50MDT2gw\"><a href=\"https:\/\/lightweb.dev\/l\/svm-temp\/nyheter\/spanska-medborgare-evakueras-fran-wuhan\/\">Spanska medborgare evakueras fr\u00e5n Wuhan<\/a><\/blockquote><iframe sandbox=\"allow-scripts\" security=\"restricted\" src=\"https:\/\/lightweb.dev\/l\/svm-temp\/nyheter\/spanska-medborgare-evakueras-fran-wuhan\/embed\/#?secret=kl50MDT2gw\" width=\"600\" height=\"338\" title=\"\u201dSpanska medborgare evakueras fr\u00e5n Wuhan\u201d &ndash; Svenska Magasinet\" data-secret=\"kl50MDT2gw\" frameborder=\"0\" marginwidth=\"0\" marginheight=\"0\" scrolling=\"no\" class=\"wp-embedded-content\"><\/iframe><script type=\"text\/javascript\">\n\/* <![CDATA[ *\/\n\/*! This file is auto-generated *\/\n!function(d,l){\"use strict\";l.querySelector&&d.addEventListener&&\"undefined\"!=typeof URL&&(d.wp=d.wp||{},d.wp.receiveEmbedMessage||(d.wp.receiveEmbedMessage=function(e){var t=e.data;if((t||t.secret||t.message||t.value)&&!\/[^a-zA-Z0-9]\/.test(t.secret)){for(var s,r,n,a=l.querySelectorAll('iframe[data-secret=\"'+t.secret+'\"]'),o=l.querySelectorAll('blockquote[data-secret=\"'+t.secret+'\"]'),c=new RegExp(\"^https?:$\",\"i\"),i=0;i<o.length;i++)o[i].style.display=\"none\";for(i=0;i<a.length;i++)s=a[i],e.source===s.contentWindow&&(s.removeAttribute(\"style\"),\"height\"===t.message?(1e3<(r=parseInt(t.value,10))?r=1e3:~~r<200&&(r=200),s.height=r):\"link\"===t.message&&(r=new URL(s.getAttribute(\"src\")),n=new URL(t.value),c.test(n.protocol))&&n.host===r.host&&l.activeElement===s&&(d.top.location.href=t.value))}},d.addEventListener(\"message\",d.wp.receiveEmbedMessage,!1),l.addEventListener(\"DOMContentLoaded\",function(){for(var e,t,s=l.querySelectorAll(\"iframe.wp-embedded-content\"),r=0;r<s.length;r++)(t=(e=s[r]).getAttribute(\"data-secret\"))||(t=Math.random().toString(36).substring(2,12),e.src+=\"#?secret=\"+t,e.setAttribute(\"data-secret\",t)),e.contentWindow.postMessage({message:\"ready\",secret:t},\"*\")},!1)))}(window,document);\n\/* ]]> *\/\n<\/script>\n","thumbnail_url":"https:\/\/lightweb.dev\/l\/svm-temp\/wp-content\/uploads\/2022\/06\/spanska-medborgare-evakueras-fran-wuhan.png","thumbnail_width":700,"thumbnail_height":420,"description":"Nya saker rapporteras i kampen mot coronaviruset hela tiden. N\u00e4ra 10.000 personer \u00e4r smittade och minst 213 personer har d\u00f6tt. V\u00e4rldsh\u00e4lsoorganisationen har utlyst ett globalt n\u00f6dl\u00e4ge och p\u00e5 fredagseftermiddagen ber\u00e4knades 19 spanska medborgare som har evakuerats fr\u00e5n Wuhan i Kina komma till Spanien. Samtliga 19 kommer att f\u00f6ras till sjukhuset Central Hospital G\u00f3mez Ulla Defense [&hellip;]"}