{"version":"1.0","provider_name":"Svenska Magasinet","provider_url":"https:\/\/lightweb.dev\/l\/svm-temp","author_name":"Redaktionen SvM","author_url":"https:\/\/lightweb.dev\/l\/svm-temp\/reporter\/redaktionen\/","title":"Specsavers st\u00f6der pension\u00e4rsf\u00f6reningar","type":"rich","width":600,"height":338,"html":"<blockquote class=\"wp-embedded-content\" data-secret=\"PzH76EtdNM\"><a href=\"https:\/\/lightweb.dev\/l\/svm-temp\/nyheter\/specsavers-stoder-pensionarsforeningar\/\">Specsavers st\u00f6der pension\u00e4rsf\u00f6reningar<\/a><\/blockquote><iframe sandbox=\"allow-scripts\" security=\"restricted\" src=\"https:\/\/lightweb.dev\/l\/svm-temp\/nyheter\/specsavers-stoder-pensionarsforeningar\/embed\/#?secret=PzH76EtdNM\" width=\"600\" height=\"338\" title=\"\u201dSpecsavers st\u00f6der pension\u00e4rsf\u00f6reningar\u201d &ndash; Svenska Magasinet\" data-secret=\"PzH76EtdNM\" frameborder=\"0\" marginwidth=\"0\" marginheight=\"0\" scrolling=\"no\" class=\"wp-embedded-content\"><\/iframe><script type=\"text\/javascript\">\n\/* <![CDATA[ *\/\n\/*! This file is auto-generated *\/\n!function(d,l){\"use strict\";l.querySelector&&d.addEventListener&&\"undefined\"!=typeof URL&&(d.wp=d.wp||{},d.wp.receiveEmbedMessage||(d.wp.receiveEmbedMessage=function(e){var t=e.data;if((t||t.secret||t.message||t.value)&&!\/[^a-zA-Z0-9]\/.test(t.secret)){for(var s,r,n,a=l.querySelectorAll('iframe[data-secret=\"'+t.secret+'\"]'),o=l.querySelectorAll('blockquote[data-secret=\"'+t.secret+'\"]'),c=new RegExp(\"^https?:$\",\"i\"),i=0;i<o.length;i++)o[i].style.display=\"none\";for(i=0;i<a.length;i++)s=a[i],e.source===s.contentWindow&&(s.removeAttribute(\"style\"),\"height\"===t.message?(1e3<(r=parseInt(t.value,10))?r=1e3:~~r<200&&(r=200),s.height=r):\"link\"===t.message&&(r=new URL(s.getAttribute(\"src\")),n=new URL(t.value),c.test(n.protocol))&&n.host===r.host&&l.activeElement===s&&(d.top.location.href=t.value))}},d.addEventListener(\"message\",d.wp.receiveEmbedMessage,!1),l.addEventListener(\"DOMContentLoaded\",function(){for(var e,t,s=l.querySelectorAll(\"iframe.wp-embedded-content\"),r=0;r<s.length;r++)(t=(e=s[r]).getAttribute(\"data-secret\"))||(t=Math.random().toString(36).substring(2,12),e.src+=\"#?secret=\"+t,e.setAttribute(\"data-secret\",t)),e.contentWindow.postMessage({message:\"ready\",secret:t},\"*\")},!1)))}(window,document);\n\/* ]]> *\/\n<\/script>\n","thumbnail_url":"https:\/\/lightweb.dev\/l\/svm-temp\/wp-content\/uploads\/2022\/06\/specsavers-stoder-pensionarsforeningar.png","thumbnail_width":280,"thumbnail_height":271,"description":"Specsavers Opticas Marbellabutik firade ett \u00e5r den 5 november. Samtidigt uppm\u00e4rksammades ett nytt samarbetet med pension\u00e4rsf\u00f6reningarna \u201cAsociaci\u00f3n Espa\u00f1ola de Funcionarios y Amigos Senior\u201d (AESFAS) och \u201cUni\u00f3n Democr\u00e1tica de Pensionistas\u201d (UDP). AESFAS \u00e4r en ideell organisation f\u00f6r pension\u00e4rer som samverkar med UDP, demokratiska unionen f\u00f6r pension\u00e4rer, med syfte att f\u00f6rb\u00e4ttra livskvalit\u00e9n f\u00f6r sina medlemmar inom m\u00e5nga [&hellip;]"}