{"version":"1.0","provider_name":"Svenska Magasinet","provider_url":"https:\/\/lightweb.dev\/l\/svm-temp","author_name":"Redaktionen SvM","author_url":"https:\/\/lightweb.dev\/l\/svm-temp\/reporter\/redaktionen\/","title":"Stora nybyggen av solenergianl\u00e4ggningar i Spanien","type":"rich","width":600,"height":338,"html":"<blockquote class=\"wp-embedded-content\" data-secret=\"590HNxVcGg\"><a href=\"https:\/\/lightweb.dev\/l\/svm-temp\/nyheter\/stora-nybyggen-av-solenergianlaggningar-i-spanien\/\">Stora nybyggen av solenergianl\u00e4ggningar i Spanien<\/a><\/blockquote><iframe sandbox=\"allow-scripts\" security=\"restricted\" src=\"https:\/\/lightweb.dev\/l\/svm-temp\/nyheter\/stora-nybyggen-av-solenergianlaggningar-i-spanien\/embed\/#?secret=590HNxVcGg\" width=\"600\" height=\"338\" title=\"\u201dStora nybyggen av solenergianl\u00e4ggningar i Spanien\u201d &ndash; Svenska Magasinet\" data-secret=\"590HNxVcGg\" frameborder=\"0\" marginwidth=\"0\" marginheight=\"0\" scrolling=\"no\" class=\"wp-embedded-content\"><\/iframe><script type=\"text\/javascript\">\n\/* <![CDATA[ *\/\n\/*! This file is auto-generated *\/\n!function(d,l){\"use strict\";l.querySelector&&d.addEventListener&&\"undefined\"!=typeof URL&&(d.wp=d.wp||{},d.wp.receiveEmbedMessage||(d.wp.receiveEmbedMessage=function(e){var t=e.data;if((t||t.secret||t.message||t.value)&&!\/[^a-zA-Z0-9]\/.test(t.secret)){for(var s,r,n,a=l.querySelectorAll('iframe[data-secret=\"'+t.secret+'\"]'),o=l.querySelectorAll('blockquote[data-secret=\"'+t.secret+'\"]'),c=new RegExp(\"^https?:$\",\"i\"),i=0;i<o.length;i++)o[i].style.display=\"none\";for(i=0;i<a.length;i++)s=a[i],e.source===s.contentWindow&&(s.removeAttribute(\"style\"),\"height\"===t.message?(1e3<(r=parseInt(t.value,10))?r=1e3:~~r<200&&(r=200),s.height=r):\"link\"===t.message&&(r=new URL(s.getAttribute(\"src\")),n=new URL(t.value),c.test(n.protocol))&&n.host===r.host&&l.activeElement===s&&(d.top.location.href=t.value))}},d.addEventListener(\"message\",d.wp.receiveEmbedMessage,!1),l.addEventListener(\"DOMContentLoaded\",function(){for(var e,t,s=l.querySelectorAll(\"iframe.wp-embedded-content\"),r=0;r<s.length;r++)(t=(e=s[r]).getAttribute(\"data-secret\"))||(t=Math.random().toString(36).substring(2,12),e.src+=\"#?secret=\"+t,e.setAttribute(\"data-secret\",t)),e.contentWindow.postMessage({message:\"ready\",secret:t},\"*\")},!1)))}(window,document);\n\/* ]]> *\/\n<\/script>\n","thumbnail_url":"https:\/\/lightweb.dev\/l\/svm-temp\/wp-content\/uploads\/2022\/06\/stora-nybyggen-av-solenergianlaggningar-i-spanien.png","thumbnail_width":700,"thumbnail_height":420,"description":"Det spanska bolaget Prodiel bygger 500 MW f\u00f6rdelade p\u00e5 tv\u00e5 solkraftverk om 300 respektive 200 MW, Prodiel bygger ocks\u00e5 en infrastruktur som g\u00f6r att de tv\u00e5 kraftverken effektivt kan samk\u00f6ras. Prodiel S.L \u00e4r en stor multinationell koncern som arbetar med f\u00f6rnybar energi och som har sitt huvudkontor i Sevilla. Bygget av de tv\u00e5 kraftverken sker [&hellip;]"}