{"version":"1.0","provider_name":"Svenska Magasinet","provider_url":"https:\/\/lightweb.dev\/l\/svm-temp","author_name":"Redaktionen SvM","author_url":"https:\/\/lightweb.dev\/l\/svm-temp\/reporter\/redaktionen\/","title":"Stormen Elsa sl\u00e5r till mot Spanien","type":"rich","width":600,"height":338,"html":"<blockquote class=\"wp-embedded-content\" data-secret=\"7rJVBNN3s2\"><a href=\"https:\/\/lightweb.dev\/l\/svm-temp\/nyheter\/stormen-elsa-slar-till-mot-spanien\/\">Stormen Elsa sl\u00e5r till mot Spanien<\/a><\/blockquote><iframe sandbox=\"allow-scripts\" security=\"restricted\" src=\"https:\/\/lightweb.dev\/l\/svm-temp\/nyheter\/stormen-elsa-slar-till-mot-spanien\/embed\/#?secret=7rJVBNN3s2\" width=\"600\" height=\"338\" title=\"\u201dStormen Elsa sl\u00e5r till mot Spanien\u201d &ndash; Svenska Magasinet\" data-secret=\"7rJVBNN3s2\" frameborder=\"0\" marginwidth=\"0\" marginheight=\"0\" scrolling=\"no\" class=\"wp-embedded-content\"><\/iframe><script type=\"text\/javascript\">\n\/* <![CDATA[ *\/\n\/*! This file is auto-generated *\/\n!function(d,l){\"use strict\";l.querySelector&&d.addEventListener&&\"undefined\"!=typeof URL&&(d.wp=d.wp||{},d.wp.receiveEmbedMessage||(d.wp.receiveEmbedMessage=function(e){var t=e.data;if((t||t.secret||t.message||t.value)&&!\/[^a-zA-Z0-9]\/.test(t.secret)){for(var s,r,n,a=l.querySelectorAll('iframe[data-secret=\"'+t.secret+'\"]'),o=l.querySelectorAll('blockquote[data-secret=\"'+t.secret+'\"]'),c=new RegExp(\"^https?:$\",\"i\"),i=0;i<o.length;i++)o[i].style.display=\"none\";for(i=0;i<a.length;i++)s=a[i],e.source===s.contentWindow&&(s.removeAttribute(\"style\"),\"height\"===t.message?(1e3<(r=parseInt(t.value,10))?r=1e3:~~r<200&&(r=200),s.height=r):\"link\"===t.message&&(r=new URL(s.getAttribute(\"src\")),n=new URL(t.value),c.test(n.protocol))&&n.host===r.host&&l.activeElement===s&&(d.top.location.href=t.value))}},d.addEventListener(\"message\",d.wp.receiveEmbedMessage,!1),l.addEventListener(\"DOMContentLoaded\",function(){for(var e,t,s=l.querySelectorAll(\"iframe.wp-embedded-content\"),r=0;r<s.length;r++)(t=(e=s[r]).getAttribute(\"data-secret\"))||(t=Math.random().toString(36).substring(2,12),e.src+=\"#?secret=\"+t,e.setAttribute(\"data-secret\",t)),e.contentWindow.postMessage({message:\"ready\",secret:t},\"*\")},!1)))}(window,document);\n\/* ]]> *\/\n<\/script>\n","thumbnail_url":"https:\/\/lightweb.dev\/l\/svm-temp\/wp-content\/uploads\/2022\/06\/stormen-elsa-slar-till-mot-spanien.png","thumbnail_width":700,"thumbnail_height":420,"description":"Den spanska meteorologiska byr\u00e5n AEMET varnar f\u00f6r att ett kraftigt ov\u00e4der med stormvindar, h\u00f6g sj\u00f6 och lokalt kraftigt regn sl\u00e5r till mot Spanien. Ov\u00e4dret kommer v\u00e4sterifr\u00e5n och har redan idag gjort sin entr\u00e9 i Galicien och Asturien, p\u00e5 torsdagen den 19 december ber\u00e4knas det ha avancerat in \u00f6ver centrala, norra och s\u00f6dra Spanien. Ov\u00e4dret kulminerar [&hellip;]"}