{"version":"1.0","provider_name":"Svenska Magasinet","provider_url":"https:\/\/lightweb.dev\/l\/svm-temp","author_name":"Redaktionen SvM","author_url":"https:\/\/lightweb.dev\/l\/svm-temp\/reporter\/redaktionen\/","title":"Str\u00e4nderna ska bli i toppskick","type":"rich","width":600,"height":338,"html":"<blockquote class=\"wp-embedded-content\" data-secret=\"FUmEQ6ldYB\"><a href=\"https:\/\/lightweb.dev\/l\/svm-temp\/nyheter\/stranderna-ska-bli-i-toppskick\/\">Str\u00e4nderna ska bli i toppskick<\/a><\/blockquote><iframe sandbox=\"allow-scripts\" security=\"restricted\" src=\"https:\/\/lightweb.dev\/l\/svm-temp\/nyheter\/stranderna-ska-bli-i-toppskick\/embed\/#?secret=FUmEQ6ldYB\" width=\"600\" height=\"338\" title=\"\u201dStr\u00e4nderna ska bli i toppskick\u201d &ndash; Svenska Magasinet\" data-secret=\"FUmEQ6ldYB\" frameborder=\"0\" marginwidth=\"0\" marginheight=\"0\" scrolling=\"no\" class=\"wp-embedded-content\"><\/iframe><script type=\"text\/javascript\">\n\/* <![CDATA[ *\/\n\/*! This file is auto-generated *\/\n!function(d,l){\"use strict\";l.querySelector&&d.addEventListener&&\"undefined\"!=typeof URL&&(d.wp=d.wp||{},d.wp.receiveEmbedMessage||(d.wp.receiveEmbedMessage=function(e){var t=e.data;if((t||t.secret||t.message||t.value)&&!\/[^a-zA-Z0-9]\/.test(t.secret)){for(var s,r,n,a=l.querySelectorAll('iframe[data-secret=\"'+t.secret+'\"]'),o=l.querySelectorAll('blockquote[data-secret=\"'+t.secret+'\"]'),c=new RegExp(\"^https?:$\",\"i\"),i=0;i<o.length;i++)o[i].style.display=\"none\";for(i=0;i<a.length;i++)s=a[i],e.source===s.contentWindow&&(s.removeAttribute(\"style\"),\"height\"===t.message?(1e3<(r=parseInt(t.value,10))?r=1e3:~~r<200&&(r=200),s.height=r):\"link\"===t.message&&(r=new URL(s.getAttribute(\"src\")),n=new URL(t.value),c.test(n.protocol))&&n.host===r.host&&l.activeElement===s&&(d.top.location.href=t.value))}},d.addEventListener(\"message\",d.wp.receiveEmbedMessage,!1),l.addEventListener(\"DOMContentLoaded\",function(){for(var e,t,s=l.querySelectorAll(\"iframe.wp-embedded-content\"),r=0;r<s.length;r++)(t=(e=s[r]).getAttribute(\"data-secret\"))||(t=Math.random().toString(36).substring(2,12),e.src+=\"#?secret=\"+t,e.setAttribute(\"data-secret\",t)),e.contentWindow.postMessage({message:\"ready\",secret:t},\"*\")},!1)))}(window,document);\n\/* ]]> *\/\n<\/script>\n","thumbnail_url":"https:\/\/lightweb.dev\/l\/svm-temp\/wp-content\/uploads\/2022\/06\/stranderna-ska-bli-i-toppskick.png","thumbnail_width":500,"thumbnail_height":300,"description":"Med h\u00f6gsommarv\u00e4dret i helgen inleddes strandlivet p\u00e5 allvar. J\u00e4mf\u00f6rt med ifjol blir det f\u00e4rre begr\u00e4nsningar. I skrivande stund \u00e4r det bara Marbella kommun som har inf\u00f6rt ett f\u00f6rbud mot att samlas p\u00e5 stranden fr\u00e5n midnatt fram till klockan 6. Det beslutet tas f\u00f6r att undvika strandfester nattetid efter att barer och restauranger har st\u00e4ngt. Stormar [&hellip;]"}