{"version":"1.0","provider_name":"Svenska Magasinet","provider_url":"https:\/\/lightweb.dev\/l\/svm-temp","author_name":"Redaktionen SvM","author_url":"https:\/\/lightweb.dev\/l\/svm-temp\/reporter\/redaktionen\/","title":"Svalare v\u00e4der i Spanien","type":"rich","width":600,"height":338,"html":"<blockquote class=\"wp-embedded-content\" data-secret=\"Ta79Ar3bwH\"><a href=\"https:\/\/lightweb.dev\/l\/svm-temp\/nyheter\/svalare-vader-i-spanien\/\">Svalare v\u00e4der i Spanien<\/a><\/blockquote><iframe sandbox=\"allow-scripts\" security=\"restricted\" src=\"https:\/\/lightweb.dev\/l\/svm-temp\/nyheter\/svalare-vader-i-spanien\/embed\/#?secret=Ta79Ar3bwH\" width=\"600\" height=\"338\" title=\"\u201dSvalare v\u00e4der i Spanien\u201d &ndash; Svenska Magasinet\" data-secret=\"Ta79Ar3bwH\" frameborder=\"0\" marginwidth=\"0\" marginheight=\"0\" scrolling=\"no\" class=\"wp-embedded-content\"><\/iframe><script type=\"text\/javascript\">\n\/* <![CDATA[ *\/\n\/*! This file is auto-generated *\/\n!function(d,l){\"use strict\";l.querySelector&&d.addEventListener&&\"undefined\"!=typeof URL&&(d.wp=d.wp||{},d.wp.receiveEmbedMessage||(d.wp.receiveEmbedMessage=function(e){var t=e.data;if((t||t.secret||t.message||t.value)&&!\/[^a-zA-Z0-9]\/.test(t.secret)){for(var s,r,n,a=l.querySelectorAll('iframe[data-secret=\"'+t.secret+'\"]'),o=l.querySelectorAll('blockquote[data-secret=\"'+t.secret+'\"]'),c=new RegExp(\"^https?:$\",\"i\"),i=0;i<o.length;i++)o[i].style.display=\"none\";for(i=0;i<a.length;i++)s=a[i],e.source===s.contentWindow&&(s.removeAttribute(\"style\"),\"height\"===t.message?(1e3<(r=parseInt(t.value,10))?r=1e3:~~r<200&&(r=200),s.height=r):\"link\"===t.message&&(r=new URL(s.getAttribute(\"src\")),n=new URL(t.value),c.test(n.protocol))&&n.host===r.host&&l.activeElement===s&&(d.top.location.href=t.value))}},d.addEventListener(\"message\",d.wp.receiveEmbedMessage,!1),l.addEventListener(\"DOMContentLoaded\",function(){for(var e,t,s=l.querySelectorAll(\"iframe.wp-embedded-content\"),r=0;r<s.length;r++)(t=(e=s[r]).getAttribute(\"data-secret\"))||(t=Math.random().toString(36).substring(2,12),e.src+=\"#?secret=\"+t,e.setAttribute(\"data-secret\",t)),e.contentWindow.postMessage({message:\"ready\",secret:t},\"*\")},!1)))}(window,document);\n\/* ]]> *\/\n<\/script>\n","thumbnail_url":"https:\/\/lightweb.dev\/l\/svm-temp\/wp-content\/uploads\/2022\/06\/svalare-vader-i-spanien.png","thumbnail_width":280,"thumbnail_height":280,"description":"Fr\u00e5n s\u00f6ndag blir det betydligt kyligare i hela Spanien s\u00e5 \u00e4ven p\u00e5 Costa del Sol och Costa Tropical. Det \u00e4r kall luft norrifr\u00e5n som kommer in \u00f6ver den iberiska halv\u00f6n som g\u00f6r att vi f\u00e5r svalare v\u00e4der fr\u00e5n s\u00f6ndag. Det s\u00e4ger v\u00e4derlekstj\u00e4nsten Aemet (Agencia Estatal de Meteorolog\u00eda). Det blir inte exceptionell kallt eftersom November-v\u00e4dret hittills [&hellip;]"}