{"version":"1.0","provider_name":"Svenska Magasinet","provider_url":"https:\/\/lightweb.dev\/l\/svm-temp","author_name":"Redaktionen SvM","author_url":"https:\/\/lightweb.dev\/l\/svm-temp\/reporter\/redaktionen\/","title":"Svensk politiker ber\u00f6mmer M\u00e1laga","type":"rich","width":600,"height":338,"html":"<blockquote class=\"wp-embedded-content\" data-secret=\"ECw4maYcwL\"><a href=\"https:\/\/lightweb.dev\/l\/svm-temp\/nyheter\/svensk-politiker-berommer-malaga\/\">Svensk politiker ber\u00f6mmer M\u00e1laga<\/a><\/blockquote><iframe sandbox=\"allow-scripts\" security=\"restricted\" src=\"https:\/\/lightweb.dev\/l\/svm-temp\/nyheter\/svensk-politiker-berommer-malaga\/embed\/#?secret=ECw4maYcwL\" width=\"600\" height=\"338\" title=\"\u201dSvensk politiker ber\u00f6mmer M\u00e1laga\u201d &ndash; Svenska Magasinet\" data-secret=\"ECw4maYcwL\" frameborder=\"0\" marginwidth=\"0\" marginheight=\"0\" scrolling=\"no\" class=\"wp-embedded-content\"><\/iframe><script type=\"text\/javascript\">\n\/* <![CDATA[ *\/\n\/*! This file is auto-generated *\/\n!function(d,l){\"use strict\";l.querySelector&&d.addEventListener&&\"undefined\"!=typeof URL&&(d.wp=d.wp||{},d.wp.receiveEmbedMessage||(d.wp.receiveEmbedMessage=function(e){var t=e.data;if((t||t.secret||t.message||t.value)&&!\/[^a-zA-Z0-9]\/.test(t.secret)){for(var s,r,n,a=l.querySelectorAll('iframe[data-secret=\"'+t.secret+'\"]'),o=l.querySelectorAll('blockquote[data-secret=\"'+t.secret+'\"]'),c=new RegExp(\"^https?:$\",\"i\"),i=0;i<o.length;i++)o[i].style.display=\"none\";for(i=0;i<a.length;i++)s=a[i],e.source===s.contentWindow&&(s.removeAttribute(\"style\"),\"height\"===t.message?(1e3<(r=parseInt(t.value,10))?r=1e3:~~r<200&&(r=200),s.height=r):\"link\"===t.message&&(r=new URL(s.getAttribute(\"src\")),n=new URL(t.value),c.test(n.protocol))&&n.host===r.host&&l.activeElement===s&&(d.top.location.href=t.value))}},d.addEventListener(\"message\",d.wp.receiveEmbedMessage,!1),l.addEventListener(\"DOMContentLoaded\",function(){for(var e,t,s=l.querySelectorAll(\"iframe.wp-embedded-content\"),r=0;r<s.length;r++)(t=(e=s[r]).getAttribute(\"data-secret\"))||(t=Math.random().toString(36).substring(2,12),e.src+=\"#?secret=\"+t,e.setAttribute(\"data-secret\",t)),e.contentWindow.postMessage({message:\"ready\",secret:t},\"*\")},!1)))}(window,document);\n\/* ]]> *\/\n<\/script>\n","thumbnail_url":"https:\/\/lightweb.dev\/l\/svm-temp\/wp-content\/uploads\/2022\/06\/svensk-politiker-berommer-malaga.png","thumbnail_width":379,"thumbnail_height":200,"description":"Provinsstyrelsen Diputaci\u00f3n de M\u00e1laga och dess ordf\u00f6rande El\u00edas Bendodo tog nyligen emot en delegation fr\u00e5n svenska Kristdemokraterna med bland annat Erik Slottner. Spanien riskerar ett tredje val p\u00e5 ett \u00e5r, gr\u00e4nserna mellan partierna \u00e4r knivskarpa och n\u00e5got bredare samarbete f\u00f6r att f\u00e5 till en majoritetsregering existerar inte i nul\u00e4get. Efter m\u00f6tet mellan Erik Slottner (KD), [&hellip;]"}