{"version":"1.0","provider_name":"Svenska Magasinet","provider_url":"https:\/\/lightweb.dev\/l\/svm-temp","author_name":"Redaktionen SvM","author_url":"https:\/\/lightweb.dev\/l\/svm-temp\/reporter\/redaktionen\/","title":"Tecknar avtal med finskt aff\u00e4rscentrum","type":"rich","width":600,"height":338,"html":"<blockquote class=\"wp-embedded-content\" data-secret=\"bBAqh910cE\"><a href=\"https:\/\/lightweb.dev\/l\/svm-temp\/nyheter\/tecknar-avtal-med-finskt-affarscentrum\/\">Tecknar avtal med finskt aff\u00e4rscentrum<\/a><\/blockquote><iframe sandbox=\"allow-scripts\" security=\"restricted\" src=\"https:\/\/lightweb.dev\/l\/svm-temp\/nyheter\/tecknar-avtal-med-finskt-affarscentrum\/embed\/#?secret=bBAqh910cE\" width=\"600\" height=\"338\" title=\"\u201dTecknar avtal med finskt aff\u00e4rscentrum\u201d &ndash; Svenska Magasinet\" data-secret=\"bBAqh910cE\" frameborder=\"0\" marginwidth=\"0\" marginheight=\"0\" scrolling=\"no\" class=\"wp-embedded-content\"><\/iframe><script type=\"text\/javascript\">\n\/* <![CDATA[ *\/\n\/*! This file is auto-generated *\/\n!function(d,l){\"use strict\";l.querySelector&&d.addEventListener&&\"undefined\"!=typeof URL&&(d.wp=d.wp||{},d.wp.receiveEmbedMessage||(d.wp.receiveEmbedMessage=function(e){var t=e.data;if((t||t.secret||t.message||t.value)&&!\/[^a-zA-Z0-9]\/.test(t.secret)){for(var s,r,n,a=l.querySelectorAll('iframe[data-secret=\"'+t.secret+'\"]'),o=l.querySelectorAll('blockquote[data-secret=\"'+t.secret+'\"]'),c=new RegExp(\"^https?:$\",\"i\"),i=0;i<o.length;i++)o[i].style.display=\"none\";for(i=0;i<a.length;i++)s=a[i],e.source===s.contentWindow&&(s.removeAttribute(\"style\"),\"height\"===t.message?(1e3<(r=parseInt(t.value,10))?r=1e3:~~r<200&&(r=200),s.height=r):\"link\"===t.message&&(r=new URL(s.getAttribute(\"src\")),n=new URL(t.value),c.test(n.protocol))&&n.host===r.host&&l.activeElement===s&&(d.top.location.href=t.value))}},d.addEventListener(\"message\",d.wp.receiveEmbedMessage,!1),l.addEventListener(\"DOMContentLoaded\",function(){for(var e,t,s=l.querySelectorAll(\"iframe.wp-embedded-content\"),r=0;r<s.length;r++)(t=(e=s[r]).getAttribute(\"data-secret\"))||(t=Math.random().toString(36).substring(2,12),e.src+=\"#?secret=\"+t,e.setAttribute(\"data-secret\",t)),e.contentWindow.postMessage({message:\"ready\",secret:t},\"*\")},!1)))}(window,document);\n\/* ]]> *\/\n<\/script>\n","thumbnail_url":"https:\/\/lightweb.dev\/l\/svm-temp\/wp-content\/uploads\/2022\/06\/tecknar-avtal-med-finskt-affarscentrum.png","thumbnail_width":700,"thumbnail_height":420,"description":"Fuengirolas borgm\u00e4stare Ana Mula har tecknat ett samarbetsavtal med Paulina Manso vid Smart Work Plaza f\u00f6r att fr\u00e4mja utbildningen av lokala entrepren\u00f6rer. Smart Work Plaza \u00e4r ett finskt aff\u00e4rscentrum, det st\u00f6rsta utanf\u00f6r Finland. Vi hoppas att detta ska bli n\u00e5got positivt f\u00f6r oss alla. Att vi kan utbyta erfarenheter och knyta aff\u00e4rskontakter. Fuengirola ska vara [&hellip;]"}