{"version":"1.0","provider_name":"Svenska Magasinet","provider_url":"https:\/\/lightweb.dev\/l\/svm-temp","author_name":"Redaktionen SvM","author_url":"https:\/\/lightweb.dev\/l\/svm-temp\/reporter\/redaktionen\/","title":"Tv\u00e5 nya publikationer om kustens f\u00e5gelliv","type":"rich","width":600,"height":338,"html":"<blockquote class=\"wp-embedded-content\" data-secret=\"V6gwUeKFXI\"><a href=\"https:\/\/lightweb.dev\/l\/svm-temp\/nyheter\/tva-nya-publikationer-om-kustens-fagelliv\/\">Tv\u00e5 nya publikationer om kustens f\u00e5gelliv<\/a><\/blockquote><iframe sandbox=\"allow-scripts\" security=\"restricted\" src=\"https:\/\/lightweb.dev\/l\/svm-temp\/nyheter\/tva-nya-publikationer-om-kustens-fagelliv\/embed\/#?secret=V6gwUeKFXI\" width=\"600\" height=\"338\" title=\"\u201dTv\u00e5 nya publikationer om kustens f\u00e5gelliv\u201d &ndash; Svenska Magasinet\" data-secret=\"V6gwUeKFXI\" frameborder=\"0\" marginwidth=\"0\" marginheight=\"0\" scrolling=\"no\" class=\"wp-embedded-content\"><\/iframe><script type=\"text\/javascript\">\n\/* <![CDATA[ *\/\n\/*! This file is auto-generated *\/\n!function(d,l){\"use strict\";l.querySelector&&d.addEventListener&&\"undefined\"!=typeof URL&&(d.wp=d.wp||{},d.wp.receiveEmbedMessage||(d.wp.receiveEmbedMessage=function(e){var t=e.data;if((t||t.secret||t.message||t.value)&&!\/[^a-zA-Z0-9]\/.test(t.secret)){for(var s,r,n,a=l.querySelectorAll('iframe[data-secret=\"'+t.secret+'\"]'),o=l.querySelectorAll('blockquote[data-secret=\"'+t.secret+'\"]'),c=new RegExp(\"^https?:$\",\"i\"),i=0;i<o.length;i++)o[i].style.display=\"none\";for(i=0;i<a.length;i++)s=a[i],e.source===s.contentWindow&&(s.removeAttribute(\"style\"),\"height\"===t.message?(1e3<(r=parseInt(t.value,10))?r=1e3:~~r<200&&(r=200),s.height=r):\"link\"===t.message&&(r=new URL(s.getAttribute(\"src\")),n=new URL(t.value),c.test(n.protocol))&&n.host===r.host&&l.activeElement===s&&(d.top.location.href=t.value))}},d.addEventListener(\"message\",d.wp.receiveEmbedMessage,!1),l.addEventListener(\"DOMContentLoaded\",function(){for(var e,t,s=l.querySelectorAll(\"iframe.wp-embedded-content\"),r=0;r<s.length;r++)(t=(e=s[r]).getAttribute(\"data-secret\"))||(t=Math.random().toString(36).substring(2,12),e.src+=\"#?secret=\"+t,e.setAttribute(\"data-secret\",t)),e.contentWindow.postMessage({message:\"ready\",secret:t},\"*\")},!1)))}(window,document);\n\/* ]]> *\/\n<\/script>\n","thumbnail_url":"https:\/\/lightweb.dev\/l\/svm-temp\/wp-content\/uploads\/2022\/06\/tva-nya-publikationer-om-kustens-fagelliv.png","thumbnail_width":700,"thumbnail_height":420,"description":"Intresset f\u00f6r f\u00e5gelsk\u00e5dning bara v\u00e4xer. Det g\u00f6r att provinsstyrelsen Diputaci\u00f3n i M\u00e1laga ger ut tv\u00e5 nya publikationer \u00f6ver vilka f\u00e5gelarter som kan ses p\u00e5 Costa del Sol. B\u00e5da publikationerna kan laddas ner grattis digitalt via webbplatsen birdingmalaga.es. Enligt Crist\u00f3bal Ortega vid departementet f\u00f6r Milj\u00f6v\u00e5rd, turism och Klimatf\u00f6r\u00e4ndringar ges de b\u00e5da b\u00f6ckerna ut f\u00f6r att fr\u00e4mja [&hellip;]"}