{"version":"1.0","provider_name":"Svenska Magasinet","provider_url":"https:\/\/lightweb.dev\/l\/svm-temp","author_name":"Redaktionen SvM","author_url":"https:\/\/lightweb.dev\/l\/svm-temp\/reporter\/redaktionen\/","title":"Tysk sk\u00e4rmflygare st\u00f6rtade vid Almu\u00f1\u00e9car","type":"rich","width":600,"height":338,"html":"<blockquote class=\"wp-embedded-content\" data-secret=\"0qNSrUicyO\"><a href=\"https:\/\/lightweb.dev\/l\/svm-temp\/nyheter\/tysk-skarmflygare-stortade-vid-almunecar\/\">Tysk sk\u00e4rmflygare st\u00f6rtade vid Almu\u00f1\u00e9car<\/a><\/blockquote><iframe sandbox=\"allow-scripts\" security=\"restricted\" src=\"https:\/\/lightweb.dev\/l\/svm-temp\/nyheter\/tysk-skarmflygare-stortade-vid-almunecar\/embed\/#?secret=0qNSrUicyO\" width=\"600\" height=\"338\" title=\"\u201dTysk sk\u00e4rmflygare st\u00f6rtade vid Almu\u00f1\u00e9car\u201d &ndash; Svenska Magasinet\" data-secret=\"0qNSrUicyO\" frameborder=\"0\" marginwidth=\"0\" marginheight=\"0\" scrolling=\"no\" class=\"wp-embedded-content\"><\/iframe><script type=\"text\/javascript\">\n\/* <![CDATA[ *\/\n\/*! This file is auto-generated *\/\n!function(d,l){\"use strict\";l.querySelector&&d.addEventListener&&\"undefined\"!=typeof URL&&(d.wp=d.wp||{},d.wp.receiveEmbedMessage||(d.wp.receiveEmbedMessage=function(e){var t=e.data;if((t||t.secret||t.message||t.value)&&!\/[^a-zA-Z0-9]\/.test(t.secret)){for(var s,r,n,a=l.querySelectorAll('iframe[data-secret=\"'+t.secret+'\"]'),o=l.querySelectorAll('blockquote[data-secret=\"'+t.secret+'\"]'),c=new RegExp(\"^https?:$\",\"i\"),i=0;i<o.length;i++)o[i].style.display=\"none\";for(i=0;i<a.length;i++)s=a[i],e.source===s.contentWindow&&(s.removeAttribute(\"style\"),\"height\"===t.message?(1e3<(r=parseInt(t.value,10))?r=1e3:~~r<200&&(r=200),s.height=r):\"link\"===t.message&&(r=new URL(s.getAttribute(\"src\")),n=new URL(t.value),c.test(n.protocol))&&n.host===r.host&&l.activeElement===s&&(d.top.location.href=t.value))}},d.addEventListener(\"message\",d.wp.receiveEmbedMessage,!1),l.addEventListener(\"DOMContentLoaded\",function(){for(var e,t,s=l.querySelectorAll(\"iframe.wp-embedded-content\"),r=0;r<s.length;r++)(t=(e=s[r]).getAttribute(\"data-secret\"))||(t=Math.random().toString(36).substring(2,12),e.src+=\"#?secret=\"+t,e.setAttribute(\"data-secret\",t)),e.contentWindow.postMessage({message:\"ready\",secret:t},\"*\")},!1)))}(window,document);\n\/* ]]> *\/\n<\/script>\n","thumbnail_url":"https:\/\/lightweb.dev\/l\/svm-temp\/wp-content\/uploads\/2022\/06\/tysk-skarmflygare-stortade-vid-almuecar.png","thumbnail_width":280,"thumbnail_height":210,"description":"R\u00e4ddningstj\u00e4nsten i Almu\u00f1\u00e9car fick rycka ut och unds\u00e4tta en tysk sk\u00e4rmflygare som hade st\u00f6rtat i Gelibra-omr\u00e5det norr om Almu\u00f1\u00e9car p\u00e5 tisdagseftermiddagen. Enligt kommunen var det den tyske mannen sj\u00e4lv som kontaktade r\u00e4ddningstj\u00e4nsten strax efter klockan 14 f\u00f6r att be om hj\u00e4lp. \u201dMannen hade \u00e5dragit sig en fotfraktur\u201d s\u00e4ger Cecilio Fajardo vid r\u00e4ddningstj\u00e4nsten. En helikopter s\u00e4ndes [&hellip;]"}