{"version":"1.0","provider_name":"Svenska Magasinet","provider_url":"https:\/\/lightweb.dev\/l\/svm-temp","author_name":"Redaktionen SvM","author_url":"https:\/\/lightweb.dev\/l\/svm-temp\/reporter\/redaktionen\/","title":"Uppgifter: Ana Julia Quezada erk\u00e4nner","type":"rich","width":600,"height":338,"html":"<blockquote class=\"wp-embedded-content\" data-secret=\"rM5BMU8JHE\"><a href=\"https:\/\/lightweb.dev\/l\/svm-temp\/nyheter\/uppgifter-ana-julia-quezada-erkanner\/\">Uppgifter: Ana Julia Quezada erk\u00e4nner<\/a><\/blockquote><iframe sandbox=\"allow-scripts\" security=\"restricted\" src=\"https:\/\/lightweb.dev\/l\/svm-temp\/nyheter\/uppgifter-ana-julia-quezada-erkanner\/embed\/#?secret=rM5BMU8JHE\" width=\"600\" height=\"338\" title=\"\u201dUppgifter: Ana Julia Quezada erk\u00e4nner\u201d &ndash; Svenska Magasinet\" data-secret=\"rM5BMU8JHE\" frameborder=\"0\" marginwidth=\"0\" marginheight=\"0\" scrolling=\"no\" class=\"wp-embedded-content\"><\/iframe><script type=\"text\/javascript\">\n\/* <![CDATA[ *\/\n\/*! This file is auto-generated *\/\n!function(d,l){\"use strict\";l.querySelector&&d.addEventListener&&\"undefined\"!=typeof URL&&(d.wp=d.wp||{},d.wp.receiveEmbedMessage||(d.wp.receiveEmbedMessage=function(e){var t=e.data;if((t||t.secret||t.message||t.value)&&!\/[^a-zA-Z0-9]\/.test(t.secret)){for(var s,r,n,a=l.querySelectorAll('iframe[data-secret=\"'+t.secret+'\"]'),o=l.querySelectorAll('blockquote[data-secret=\"'+t.secret+'\"]'),c=new RegExp(\"^https?:$\",\"i\"),i=0;i<o.length;i++)o[i].style.display=\"none\";for(i=0;i<a.length;i++)s=a[i],e.source===s.contentWindow&&(s.removeAttribute(\"style\"),\"height\"===t.message?(1e3<(r=parseInt(t.value,10))?r=1e3:~~r<200&&(r=200),s.height=r):\"link\"===t.message&&(r=new URL(s.getAttribute(\"src\")),n=new URL(t.value),c.test(n.protocol))&&n.host===r.host&&l.activeElement===s&&(d.top.location.href=t.value))}},d.addEventListener(\"message\",d.wp.receiveEmbedMessage,!1),l.addEventListener(\"DOMContentLoaded\",function(){for(var e,t,s=l.querySelectorAll(\"iframe.wp-embedded-content\"),r=0;r<s.length;r++)(t=(e=s[r]).getAttribute(\"data-secret\"))||(t=Math.random().toString(36).substring(2,12),e.src+=\"#?secret=\"+t,e.setAttribute(\"data-secret\",t)),e.contentWindow.postMessage({message:\"ready\",secret:t},\"*\")},!1)))}(window,document);\n\/* ]]> *\/\n<\/script>\n","thumbnail_url":"https:\/\/lightweb.dev\/l\/svm-temp\/wp-content\/uploads\/2022\/06\/uppgifter-ana-julia-quezada-erkanner.png","thumbnail_width":280,"thumbnail_height":279,"description":"Ana Julia Quezada, 43, som greps i s\u00f6ndags utanf\u00f6r sin bostad i Puebla de V\u00edcar n\u00e4r hon flyttade kroppen av den \u00e5tta\u00e5rige pojken Gabriel Cruz Ram\u00edrez har vid ett f\u00f6rh\u00f6r p\u00e5 tisdagen erk\u00e4nt att hon d\u00f6dade pojken. Hon ska vid dagens f\u00f6rh\u00f6r b\u00f6rjat samarbete med utredarna och erk\u00e4nt. Uppgifterna bekr\u00e4ftas av flera medier bland annat [&hellip;]"}