{"version":"1.0","provider_name":"Svenska Magasinet","provider_url":"https:\/\/lightweb.dev\/l\/svm-temp","author_name":"Redaktionen SvM","author_url":"https:\/\/lightweb.dev\/l\/svm-temp\/reporter\/redaktionen\/","title":"Uthyrning av semesterbost\u00e4der stoppas","type":"rich","width":600,"height":338,"html":"<blockquote class=\"wp-embedded-content\" data-secret=\"l8OHDgaLcM\"><a href=\"https:\/\/lightweb.dev\/l\/svm-temp\/nyheter\/uthyrning-av-semesterbostader-stoppas\/\">Uthyrning av semesterbost\u00e4der stoppas<\/a><\/blockquote><iframe sandbox=\"allow-scripts\" security=\"restricted\" src=\"https:\/\/lightweb.dev\/l\/svm-temp\/nyheter\/uthyrning-av-semesterbostader-stoppas\/embed\/#?secret=l8OHDgaLcM\" width=\"600\" height=\"338\" title=\"\u201dUthyrning av semesterbost\u00e4der stoppas\u201d &ndash; Svenska Magasinet\" data-secret=\"l8OHDgaLcM\" frameborder=\"0\" marginwidth=\"0\" marginheight=\"0\" scrolling=\"no\" class=\"wp-embedded-content\"><\/iframe><script type=\"text\/javascript\">\n\/* <![CDATA[ *\/\n\/*! This file is auto-generated *\/\n!function(d,l){\"use strict\";l.querySelector&&d.addEventListener&&\"undefined\"!=typeof URL&&(d.wp=d.wp||{},d.wp.receiveEmbedMessage||(d.wp.receiveEmbedMessage=function(e){var t=e.data;if((t||t.secret||t.message||t.value)&&!\/[^a-zA-Z0-9]\/.test(t.secret)){for(var s,r,n,a=l.querySelectorAll('iframe[data-secret=\"'+t.secret+'\"]'),o=l.querySelectorAll('blockquote[data-secret=\"'+t.secret+'\"]'),c=new RegExp(\"^https?:$\",\"i\"),i=0;i<o.length;i++)o[i].style.display=\"none\";for(i=0;i<a.length;i++)s=a[i],e.source===s.contentWindow&&(s.removeAttribute(\"style\"),\"height\"===t.message?(1e3<(r=parseInt(t.value,10))?r=1e3:~~r<200&&(r=200),s.height=r):\"link\"===t.message&&(r=new URL(s.getAttribute(\"src\")),n=new URL(t.value),c.test(n.protocol))&&n.host===r.host&&l.activeElement===s&&(d.top.location.href=t.value))}},d.addEventListener(\"message\",d.wp.receiveEmbedMessage,!1),l.addEventListener(\"DOMContentLoaded\",function(){for(var e,t,s=l.querySelectorAll(\"iframe.wp-embedded-content\"),r=0;r<s.length;r++)(t=(e=s[r]).getAttribute(\"data-secret\"))||(t=Math.random().toString(36).substring(2,12),e.src+=\"#?secret=\"+t,e.setAttribute(\"data-secret\",t)),e.contentWindow.postMessage({message:\"ready\",secret:t},\"*\")},!1)))}(window,document);\n\/* ]]> *\/\n<\/script>\n","thumbnail_url":"https:\/\/lightweb.dev\/l\/svm-temp\/wp-content\/uploads\/2022\/06\/uthyrning-av-semesterbostader-stoppas.png","thumbnail_width":700,"thumbnail_height":421,"description":"Den spanska regeringen har inf\u00f6rt ett tillf\u00e4lligt stopp n\u00e4r det g\u00e4ller uthyrning av semesterbost\u00e4der i Spanien f\u00f6r att begr\u00e4nsa risken f\u00f6r turister och bes\u00f6kare kan smittas av coronaviruset. Det nya f\u00f6rbudet g\u00e4ller fr\u00e5n den 19 mars och s\u00e5 l\u00e4nge som Spanien har utlyst nationellt n\u00f6dl\u00e4ge. Under s\u00f6ndagen kom ett beslut om att den perioden f\u00f6rl\u00e4ngs [&hellip;]"}