{"version":"1.0","provider_name":"Svenska Magasinet","provider_url":"https:\/\/lightweb.dev\/l\/svm-temp","author_name":"Ola Josefsson","author_url":"https:\/\/lightweb.dev\/l\/svm-temp\/reporter\/ola-josefsson\/","title":"Valenciaregionen inf\u00f6r Covidpass","type":"rich","width":600,"height":338,"html":"<blockquote class=\"wp-embedded-content\" data-secret=\"YeJ2LSywQt\"><a href=\"https:\/\/lightweb.dev\/l\/svm-temp\/nyheter\/valenciaregionen-infor-covidpass\/\">Valenciaregionen inf\u00f6r Covidpass<\/a><\/blockquote><iframe sandbox=\"allow-scripts\" security=\"restricted\" src=\"https:\/\/lightweb.dev\/l\/svm-temp\/nyheter\/valenciaregionen-infor-covidpass\/embed\/#?secret=YeJ2LSywQt\" width=\"600\" height=\"338\" title=\"\u201dValenciaregionen inf\u00f6r Covidpass\u201d &ndash; Svenska Magasinet\" data-secret=\"YeJ2LSywQt\" frameborder=\"0\" marginwidth=\"0\" marginheight=\"0\" scrolling=\"no\" class=\"wp-embedded-content\"><\/iframe><script type=\"text\/javascript\">\n\/* <![CDATA[ *\/\n\/*! This file is auto-generated *\/\n!function(d,l){\"use strict\";l.querySelector&&d.addEventListener&&\"undefined\"!=typeof URL&&(d.wp=d.wp||{},d.wp.receiveEmbedMessage||(d.wp.receiveEmbedMessage=function(e){var t=e.data;if((t||t.secret||t.message||t.value)&&!\/[^a-zA-Z0-9]\/.test(t.secret)){for(var s,r,n,a=l.querySelectorAll('iframe[data-secret=\"'+t.secret+'\"]'),o=l.querySelectorAll('blockquote[data-secret=\"'+t.secret+'\"]'),c=new RegExp(\"^https?:$\",\"i\"),i=0;i<o.length;i++)o[i].style.display=\"none\";for(i=0;i<a.length;i++)s=a[i],e.source===s.contentWindow&&(s.removeAttribute(\"style\"),\"height\"===t.message?(1e3<(r=parseInt(t.value,10))?r=1e3:~~r<200&&(r=200),s.height=r):\"link\"===t.message&&(r=new URL(s.getAttribute(\"src\")),n=new URL(t.value),c.test(n.protocol))&&n.host===r.host&&l.activeElement===s&&(d.top.location.href=t.value))}},d.addEventListener(\"message\",d.wp.receiveEmbedMessage,!1),l.addEventListener(\"DOMContentLoaded\",function(){for(var e,t,s=l.querySelectorAll(\"iframe.wp-embedded-content\"),r=0;r<s.length;r++)(t=(e=s[r]).getAttribute(\"data-secret\"))||(t=Math.random().toString(36).substring(2,12),e.src+=\"#?secret=\"+t,e.setAttribute(\"data-secret\",t)),e.contentWindow.postMessage({message:\"ready\",secret:t},\"*\")},!1)))}(window,document);\n\/* ]]> *\/\n<\/script>\n","thumbnail_url":"https:\/\/lightweb.dev\/l\/svm-temp\/wp-content\/uploads\/2022\/04\/valenciaregionen-infr-covidpass.png","thumbnail_width":500,"thumbnail_height":301,"description":"Valenciaregionen inf\u00f6r krav p\u00e5 Covidpass till restauranger, serveringsst\u00e4llen och nattklubbar med en kapacitet p\u00e5 \u00f6ver 50 personer. Det g\u00e4ller \u00e4ven till st\u00f6rre evenemang, musikfestivaler och fester med mer \u00e4n 500 deltagare. Kravet kommer att g\u00e4lla i f\u00f6rsta hand under 30 dagar fr\u00e5n n\u00e4r beslutet publiceras i regionens officiella bulletin (Diari Oficial de la Generalitat Valenciana). [&hellip;]"}